{"version":"1.0","provider_name":"Ibbycat","provider_url":"https:\/\/www.ibbycat.cat\/es\/","author_name":"ibbycat","author_url":"https:\/\/www.ibbycat.cat\/es\/author\/ibbycat\/","title":"La Setmana del Llibre en Catal\u00e0 - Ibbycat","type":"rich","width":600,"height":338,"html":"<blockquote class=\"wp-embedded-content\" data-secret=\"b89CrYegu0\"><a href=\"https:\/\/www.ibbycat.cat\/es\/esdeveniment\/la-setmana-del-llibre-en-catala\/\">La Setmana del Llibre en Catal\u00e0<\/a><\/blockquote><iframe sandbox=\"allow-scripts\" security=\"restricted\" src=\"https:\/\/www.ibbycat.cat\/es\/esdeveniment\/la-setmana-del-llibre-en-catala\/embed\/#?secret=b89CrYegu0\" width=\"600\" height=\"338\" title=\"\u00abLa Setmana del Llibre en Catal\u00e0\u00bb \u2014 Ibbycat\" data-secret=\"b89CrYegu0\" frameborder=\"0\" marginwidth=\"0\" marginheight=\"0\" scrolling=\"no\" class=\"wp-embedded-content\"><\/iframe><script>\n\/*! This file is auto-generated *\/\n!function(d,l){\"use strict\";l.querySelector&&d.addEventListener&&\"undefined\"!=typeof URL&&(d.wp=d.wp||{},d.wp.receiveEmbedMessage||(d.wp.receiveEmbedMessage=function(e){var t=e.data;if((t||t.secret||t.message||t.value)&&!\/[^a-zA-Z0-9]\/.test(t.secret)){for(var s,r,n,a=l.querySelectorAll('iframe[data-secret=\"'+t.secret+'\"]'),o=l.querySelectorAll('blockquote[data-secret=\"'+t.secret+'\"]'),c=new RegExp(\"^https?:$\",\"i\"),i=0;i<o.length;i++)o[i].style.display=\"none\";for(i=0;i<a.length;i++)s=a[i],e.source===s.contentWindow&&(s.removeAttribute(\"style\"),\"height\"===t.message?(1e3<(r=parseInt(t.value,10))?r=1e3:~~r<200&&(r=200),s.height=r):\"link\"===t.message&&(r=new URL(s.getAttribute(\"src\")),n=new URL(t.value),c.test(n.protocol))&&n.host===r.host&&l.activeElement===s&&(d.top.location.href=t.value))}},d.addEventListener(\"message\",d.wp.receiveEmbedMessage,!1),l.addEventListener(\"DOMContentLoaded\",function(){for(var e,t,s=l.querySelectorAll(\"iframe.wp-embedded-content\"),r=0;r<s.length;r++)(t=(e=s[r]).getAttribute(\"data-secret\"))||(t=Math.random().toString(36).substring(2,12),e.src+=\"#?secret=\"+t,e.setAttribute(\"data-secret\",t)),e.contentWindow.postMessage({message:\"ready\",secret:t},\"*\")},!1)))}(window,document);\n\/\/# sourceURL=https:\/\/www.ibbycat.cat\/wp-includes\/js\/wp-embed.min.js\n<\/script>\n","thumbnail_url":"https:\/\/www.ibbycat.cat\/wp-content\/uploads\/cartell-setmana-llibre.png","thumbnail_width":669,"thumbnail_height":939,"description":"Del 9 al 18 de setembre de 2022, el Moll de la Fusta acollir\u00e0 per tercer any consecutiu La Setmana del Llibre en Catal\u00e0, que enguany celebra la seva 40a edici\u00f3. En ocasi\u00f3 de l\u2019aniversari, La Setmana ser\u00e0 especialment festiva i optimista, amb l\u2019objectiu de celebrar aquestes quatre d\u00e8cades de traject\u00f2ria, per\u00f2 alhora reivindicativa, mostrant [&hellip;]"}