{"version":"1.0","provider_name":"Ibbycat","provider_url":"https:\/\/www.ibbycat.cat\/es\/","author_name":"Webico","author_url":"https:\/\/www.ibbycat.cat\/es\/author\/webico\/","title":"Al\u00edcia. Edici\u00f3 completa - Ibbycat","type":"rich","width":600,"height":338,"html":"<blockquote class=\"wp-embedded-content\" data-secret=\"QTr60sYo6x\"><a href=\"https:\/\/www.ibbycat.cat\/es\/llibre\/alicia-edicio-completa\/\">Al\u00edcia. Edici\u00f3 completa<\/a><\/blockquote><iframe sandbox=\"allow-scripts\" security=\"restricted\" src=\"https:\/\/www.ibbycat.cat\/es\/llibre\/alicia-edicio-completa\/embed\/#?secret=QTr60sYo6x\" width=\"600\" height=\"338\" title=\"\u00abAl\u00edcia. Edici\u00f3 completa\u00bb \u2014 Ibbycat\" data-secret=\"QTr60sYo6x\" frameborder=\"0\" marginwidth=\"0\" marginheight=\"0\" scrolling=\"no\" class=\"wp-embedded-content\"><\/iframe><script>\n\/*! This file is auto-generated *\/\n!function(d,l){\"use strict\";l.querySelector&&d.addEventListener&&\"undefined\"!=typeof URL&&(d.wp=d.wp||{},d.wp.receiveEmbedMessage||(d.wp.receiveEmbedMessage=function(e){var t=e.data;if((t||t.secret||t.message||t.value)&&!\/[^a-zA-Z0-9]\/.test(t.secret)){for(var s,r,n,a=l.querySelectorAll('iframe[data-secret=\"'+t.secret+'\"]'),o=l.querySelectorAll('blockquote[data-secret=\"'+t.secret+'\"]'),c=new RegExp(\"^https?:$\",\"i\"),i=0;i<o.length;i++)o[i].style.display=\"none\";for(i=0;i<a.length;i++)s=a[i],e.source===s.contentWindow&&(s.removeAttribute(\"style\"),\"height\"===t.message?(1e3<(r=parseInt(t.value,10))?r=1e3:~~r<200&&(r=200),s.height=r):\"link\"===t.message&&(r=new URL(s.getAttribute(\"src\")),n=new URL(t.value),c.test(n.protocol))&&n.host===r.host&&l.activeElement===s&&(d.top.location.href=t.value))}},d.addEventListener(\"message\",d.wp.receiveEmbedMessage,!1),l.addEventListener(\"DOMContentLoaded\",function(){for(var e,t,s=l.querySelectorAll(\"iframe.wp-embedded-content\"),r=0;r<s.length;r++)(t=(e=s[r]).getAttribute(\"data-secret\"))||(t=Math.random().toString(36).substring(2,12),e.src+=\"#?secret=\"+t,e.setAttribute(\"data-secret\",t)),e.contentWindow.postMessage({message:\"ready\",secret:t},\"*\")},!1)))}(window,document);\n\/\/# sourceURL=https:\/\/www.ibbycat.cat\/wp-includes\/js\/wp-embed.min.js\n<\/script>\n","thumbnail_url":"https:\/\/www.ibbycat.cat\/wp-content\/uploads\/978-84-479-2958-0.jpg","thumbnail_width":320,"thumbnail_height":398,"description":"Divertir m\u00e9s que educar. Aquesta era la missi\u00f3 d\u2019Al\u00edcia, i l\u2019al\u00e8 que ha fet transcendir fronteres de llengua, espai i temps aquesta obra matriu de la literatura infantil i juvenil. L\u2019Al\u00edcia de Baula incorpora la traducci\u00f3 de Salvador Oliva, que fou reconeguda en el seu moment pel ClijCAT i la va proposar per a la Llista d&#8217;Honor de l&#8217;IBBY\u00a0el 1998. Si hi afegim la generositat del format, del cos de text i dels blancs, tenim a les mans un llibre que crida a ser llegit. Som\u00a0davant d\u2019una edici\u00f3 commemorativa, luxosa gaireb\u00e9 fins a l\u2019ostentaci\u00f3, obra original de Macmillan Children\u2019s Books, que celebra els 150 anys de la seva primera Al\u00edcia (1865) i que t\u00e9 la virtut de ser completa en reproduir els textos \u00edntegres d\u2019Al\u00edcia al pa\u00eds de les meravelles i A trav\u00e9s del mirall i all\u00f2 que l\u2019Al\u00edcia hi va trobar. Incorpora, tamb\u00e9, \u00abL\u2019abellot amb perruca\u00bb, un episodi que es va descartar d\u2019A trav\u00e9s del mirall, aix\u00ed com poemes i prefacis de Lewis Carroll, una hist\u00f2ria de com va n\u00e9ixer aquest cl\u00e0ssic i un pr\u00f2leg de Philip Pullmann. Seria discutible per als fans de John Tenniel la tria de les il\u00b7lustracions, que, en les seves versions acolorides per Harry George Theaker el 1911 i sobretot per Diz Wallis el 1995, no assoleixen la for\u00e7a dels originals del primer autor, ja que conserven les formes, per\u00f2 perden el tra\u00e7 i la trama. Tanmateix, cal recordar que fou el mateix Lewis Carroll qui va acceptar la incorporaci\u00f3 del color a les edicions d\u2019Al\u00edcia i \u00e9s de bon admetre que la llaminadura del color \u00e9s dif\u00edcilment prescindible en una edici\u00f3 d\u2019aquestes caracter\u00edstiques. Cobertes gofrades impreses amb tintes especials i amb encuny perforat fins a la segona guarda, tall llampant de roig metal\u00b7litzat, cap\u00e7ada amb senyal de cinta carmes\u00ed: dos mil dos-cents grams de llibre de regal.  Harry George Theaker \/ Diz Wallis \/ John Tenniel Baula"}