{"version":"1.0","provider_name":"Ibbycat","provider_url":"https:\/\/www.ibbycat.cat\/es\/","author_name":"Webico","author_url":"https:\/\/www.ibbycat.cat\/es\/author\/webico\/","title":"Bibi va a l'escola - Ibbycat","type":"rich","width":600,"height":338,"html":"<blockquote class=\"wp-embedded-content\" data-secret=\"vikcvfWKzj\"><a href=\"https:\/\/www.ibbycat.cat\/es\/llibre\/bibi-va-a-lescola\/\">Bibi va a l&#8217;escola<\/a><\/blockquote><iframe sandbox=\"allow-scripts\" security=\"restricted\" src=\"https:\/\/www.ibbycat.cat\/es\/llibre\/bibi-va-a-lescola\/embed\/#?secret=vikcvfWKzj\" width=\"600\" height=\"338\" title=\"\u00abBibi va a l&#8217;escola\u00bb \u2014 Ibbycat\" data-secret=\"vikcvfWKzj\" frameborder=\"0\" marginwidth=\"0\" marginheight=\"0\" scrolling=\"no\" class=\"wp-embedded-content\"><\/iframe><script>\n\/*! This file is auto-generated *\/\n!function(d,l){\"use strict\";l.querySelector&&d.addEventListener&&\"undefined\"!=typeof URL&&(d.wp=d.wp||{},d.wp.receiveEmbedMessage||(d.wp.receiveEmbedMessage=function(e){var t=e.data;if((t||t.secret||t.message||t.value)&&!\/[^a-zA-Z0-9]\/.test(t.secret)){for(var s,r,n,a=l.querySelectorAll('iframe[data-secret=\"'+t.secret+'\"]'),o=l.querySelectorAll('blockquote[data-secret=\"'+t.secret+'\"]'),c=new RegExp(\"^https?:$\",\"i\"),i=0;i<o.length;i++)o[i].style.display=\"none\";for(i=0;i<a.length;i++)s=a[i],e.source===s.contentWindow&&(s.removeAttribute(\"style\"),\"height\"===t.message?(1e3<(r=parseInt(t.value,10))?r=1e3:~~r<200&&(r=200),s.height=r):\"link\"===t.message&&(r=new URL(s.getAttribute(\"src\")),n=new URL(t.value),c.test(n.protocol))&&n.host===r.host&&l.activeElement===s&&(d.top.location.href=t.value))}},d.addEventListener(\"message\",d.wp.receiveEmbedMessage,!1),l.addEventListener(\"DOMContentLoaded\",function(){for(var e,t,s=l.querySelectorAll(\"iframe.wp-embedded-content\"),r=0;r<s.length;r++)(t=(e=s[r]).getAttribute(\"data-secret\"))||(t=Math.random().toString(36).substring(2,12),e.src+=\"#?secret=\"+t,e.setAttribute(\"data-secret\",t)),e.contentWindow.postMessage({message:\"ready\",secret:t},\"*\")},!1)))}(window,document);\n\/\/# sourceURL=https:\/\/www.ibbycat.cat\/wp-includes\/js\/wp-embed.min.js\n<\/script>\n","thumbnail_url":"https:\/\/www.ibbycat.cat\/wp-content\/uploads\/978-84-8131-934-7.jpg","thumbnail_width":140,"thumbnail_height":140,"description":"En la col\u00b7lecci\u00f3 Primeres Decisions, l\u2019autor i il\u00b7lustrador proposen hist\u00f2ries quotidianes sobre els des-afiaments que han d\u2019afrontar els m\u00e9s petits. La Bibi \u00e9s el personatge que viur\u00e0 les situacions que la vida l\u2019empeny a experimentar, demostrant que potser no s\u00f3n tan dolentes com semblaven. Les il\u00b7lustracions s\u00f3n simples, fetes amb un tra\u00e7 lleuger imitant les que farien els lectors. Utilitza colors llampants per al fons, que contrasten amb les figures pintades igualment amb colors vius. Tot plegat, una atractiva combinaci\u00f3 crom\u00e0tica que, com pinzellades impressionistes, crida l\u2019atenci\u00f3 dels m\u00e9s petits. De fet, admet una lectura prescindint del text, ja que els dibuixos formen per si sols una narraci\u00f3 adequada per als qui encara no llegeixen. Els relats poden servir per encarar les primeres vegades: el primer dia a l\u2019escola, el primer cop que comparteix un llapis de colors. Una lectura que pot ser complementada amb la visita a la p\u00e0gina web del m\u00f3n de la Bibi, no disponible, per\u00f2, en catal\u00e0.  Alejandro Rosas \/ Violeta Rosas T\u00e0ndem"}