{"version":"1.0","provider_name":"Ibbycat","provider_url":"https:\/\/www.ibbycat.cat\/es\/","author_name":"Webico","author_url":"https:\/\/www.ibbycat.cat\/es\/author\/webico\/","title":"Busco una mare! - Ibbycat","type":"rich","width":600,"height":338,"html":"<blockquote class=\"wp-embedded-content\" data-secret=\"1r2Ar9I69m\"><a href=\"https:\/\/www.ibbycat.cat\/es\/llibre\/busco-una-mare-2\/\">Busco una mare!<\/a><\/blockquote><iframe sandbox=\"allow-scripts\" security=\"restricted\" src=\"https:\/\/www.ibbycat.cat\/es\/llibre\/busco-una-mare-2\/embed\/#?secret=1r2Ar9I69m\" width=\"600\" height=\"338\" title=\"\u00abBusco una mare!\u00bb \u2014 Ibbycat\" data-secret=\"1r2Ar9I69m\" frameborder=\"0\" marginwidth=\"0\" marginheight=\"0\" scrolling=\"no\" class=\"wp-embedded-content\"><\/iframe><script>\n\/*! This file is auto-generated *\/\n!function(d,l){\"use strict\";l.querySelector&&d.addEventListener&&\"undefined\"!=typeof URL&&(d.wp=d.wp||{},d.wp.receiveEmbedMessage||(d.wp.receiveEmbedMessage=function(e){var t=e.data;if((t||t.secret||t.message||t.value)&&!\/[^a-zA-Z0-9]\/.test(t.secret)){for(var s,r,n,a=l.querySelectorAll('iframe[data-secret=\"'+t.secret+'\"]'),o=l.querySelectorAll('blockquote[data-secret=\"'+t.secret+'\"]'),c=new RegExp(\"^https?:$\",\"i\"),i=0;i<o.length;i++)o[i].style.display=\"none\";for(i=0;i<a.length;i++)s=a[i],e.source===s.contentWindow&&(s.removeAttribute(\"style\"),\"height\"===t.message?(1e3<(r=parseInt(t.value,10))?r=1e3:~~r<200&&(r=200),s.height=r):\"link\"===t.message&&(r=new URL(s.getAttribute(\"src\")),n=new URL(t.value),c.test(n.protocol))&&n.host===r.host&&l.activeElement===s&&(d.top.location.href=t.value))}},d.addEventListener(\"message\",d.wp.receiveEmbedMessage,!1),l.addEventListener(\"DOMContentLoaded\",function(){for(var e,t,s=l.querySelectorAll(\"iframe.wp-embedded-content\"),r=0;r<s.length;r++)(t=(e=s[r]).getAttribute(\"data-secret\"))||(t=Math.random().toString(36).substring(2,12),e.src+=\"#?secret=\"+t,e.setAttribute(\"data-secret\",t)),e.contentWindow.postMessage({message:\"ready\",secret:t},\"*\")},!1)))}(window,document);\n\/\/# sourceURL=https:\/\/www.ibbycat.cat\/wp-includes\/js\/wp-embed.min.js\n<\/script>\n","thumbnail_url":"https:\/\/www.ibbycat.cat\/wp-content\/uploads\/84-246-3433-0.jpg","thumbnail_width":140,"thumbnail_height":140,"description":"D\u2019aquest llibre en sobresurten m\u00e9s les bones intencions que els resultats. S\u2019hi narra la hist\u00f2ria d\u2019una adopci\u00f3. Per resoldre-la liter\u00e0riament, l\u2019autora fa servir dos escenaris, a banda i banda de l\u2019Atl\u00e0ntic, on personatges en principi contraposats acaben confluint. Aquest recurs, expl\u00edcit en el text, ens sembla que no acaba d\u2019estar ben resolt en la maquetaci\u00f3, tot i les belles il\u00b7lustracions de Luciani. L\u2019editorial no ha escatimat despeses en la producci\u00f3 del llibre, que t\u00e9 presentaci\u00f3 d\u2019\u00e0lbum, per\u00f2 hi ha molts aspectes que haurien necessitat una atenci\u00f3 m\u00e9s curosa de cara a la bona interpretaci\u00f3 del llibre per part dels lectors. Despr\u00e9s d\u2019haver-lo llegit diverses vegades, se\u2019ns han plantejat aquests interrogants: A quin p\u00fablic s\u2019adre\u00e7a? Per qu\u00e8 es passa d\u2019un llenguatge inicial senzill i objectiu a un de simb\u00f2lic i metaf\u00f2ric for\u00e7a m\u00e9s lax? Per qu\u00e8 s\u2019hi perden personatges com l\u2019\u00e0via? Etc. LIENAS, Gemma Rebeca Luciani La Galera\/Fundaci\u00f3 Intervida"}