{"version":"1.0","provider_name":"Ibbycat","provider_url":"https:\/\/www.ibbycat.cat\/es\/","author_name":"Webico","author_url":"https:\/\/www.ibbycat.cat\/es\/author\/webico\/","title":"Diari d'un adolescent amb dubtes - Ibbycat","type":"rich","width":600,"height":338,"html":"<blockquote class=\"wp-embedded-content\" data-secret=\"4eoVBZ9gWy\"><a href=\"https:\/\/www.ibbycat.cat\/es\/llibre\/diari-dun-adolescent-amb-dubtes\/\">Diari d&#8217;un adolescent amb dubtes<\/a><\/blockquote><iframe sandbox=\"allow-scripts\" security=\"restricted\" src=\"https:\/\/www.ibbycat.cat\/es\/llibre\/diari-dun-adolescent-amb-dubtes\/embed\/#?secret=4eoVBZ9gWy\" width=\"600\" height=\"338\" title=\"\u00abDiari d&#8217;un adolescent amb dubtes\u00bb \u2014 Ibbycat\" data-secret=\"4eoVBZ9gWy\" frameborder=\"0\" marginwidth=\"0\" marginheight=\"0\" scrolling=\"no\" class=\"wp-embedded-content\"><\/iframe><script>\n\/*! This file is auto-generated *\/\n!function(d,l){\"use strict\";l.querySelector&&d.addEventListener&&\"undefined\"!=typeof URL&&(d.wp=d.wp||{},d.wp.receiveEmbedMessage||(d.wp.receiveEmbedMessage=function(e){var t=e.data;if((t||t.secret||t.message||t.value)&&!\/[^a-zA-Z0-9]\/.test(t.secret)){for(var s,r,n,a=l.querySelectorAll('iframe[data-secret=\"'+t.secret+'\"]'),o=l.querySelectorAll('blockquote[data-secret=\"'+t.secret+'\"]'),c=new RegExp(\"^https?:$\",\"i\"),i=0;i<o.length;i++)o[i].style.display=\"none\";for(i=0;i<a.length;i++)s=a[i],e.source===s.contentWindow&&(s.removeAttribute(\"style\"),\"height\"===t.message?(1e3<(r=parseInt(t.value,10))?r=1e3:~~r<200&&(r=200),s.height=r):\"link\"===t.message&&(r=new URL(s.getAttribute(\"src\")),n=new URL(t.value),c.test(n.protocol))&&n.host===r.host&&l.activeElement===s&&(d.top.location.href=t.value))}},d.addEventListener(\"message\",d.wp.receiveEmbedMessage,!1),l.addEventListener(\"DOMContentLoaded\",function(){for(var e,t,s=l.querySelectorAll(\"iframe.wp-embedded-content\"),r=0;r<s.length;r++)(t=(e=s[r]).getAttribute(\"data-secret\"))||(t=Math.random().toString(36).substring(2,12),e.src+=\"#?secret=\"+t,e.setAttribute(\"data-secret\",t)),e.contentWindow.postMessage({message:\"ready\",secret:t},\"*\")},!1)))}(window,document);\n\/\/# sourceURL=https:\/\/www.ibbycat.cat\/wp-includes\/js\/wp-embed.min.js\n<\/script>\n","thumbnail_url":"https:\/\/www.ibbycat.cat\/wp-content\/uploads\/84-664-0655-7.jpg","thumbnail_width":140,"thumbnail_height":140,"description":"Mil\u00e0 ja proposa des del t\u00edtol un subg\u00e8nere de la narrativa per a joves amb una llarga tradici\u00f3 i no decep. Una narraci\u00f3 en primera persona que ens informa de com canvia la vida d\u2019un postadolescent (inicia el diari als 19 anys) quan \u00e9s capa\u00e7 d\u2019admetre la seua homosexualitat. Els dubtes, les pors, els primers descobriments, les noves amistats, les reaccions de la fam\u00edlia, els primers amors, les primeres relacions o l\u2019inici de l\u2019emancipaci\u00f3 s\u00f3n alguns dels temes que s\u2019hi narren. Un llibre emotiu que guanya for\u00e7a a mesura que avan\u00e7a la lectura. Tot i que segueix les pautes del g\u00e8nere, potser \u00e9s una narraci\u00f3 que encara pot ajudar a resoldre conflictes interns, a enfrontar-se a situacions per a alguns doloroses i a intentar estendre el respecte a qualsevol opci\u00f3 de vida. MIL\u00c0, Jes\u00fas  Columna"}