{"version":"1.0","provider_name":"Ibbycat","provider_url":"https:\/\/www.ibbycat.cat\/es\/","author_name":"Webico","author_url":"https:\/\/www.ibbycat.cat\/es\/author\/webico\/","title":"El jard\u00ed d'en Bernat - Ibbycat","type":"rich","width":600,"height":338,"html":"<blockquote class=\"wp-embedded-content\" data-secret=\"72ULWRbqai\"><a href=\"https:\/\/www.ibbycat.cat\/es\/llibre\/el-jardi-den-bernat\/\">El jard\u00ed d&#8217;en Bernat<\/a><\/blockquote><iframe sandbox=\"allow-scripts\" security=\"restricted\" src=\"https:\/\/www.ibbycat.cat\/es\/llibre\/el-jardi-den-bernat\/embed\/#?secret=72ULWRbqai\" width=\"600\" height=\"338\" title=\"\u00abEl jard\u00ed d&#8217;en Bernat\u00bb \u2014 Ibbycat\" data-secret=\"72ULWRbqai\" frameborder=\"0\" marginwidth=\"0\" marginheight=\"0\" scrolling=\"no\" class=\"wp-embedded-content\"><\/iframe><script>\n\/*! This file is auto-generated *\/\n!function(d,l){\"use strict\";l.querySelector&&d.addEventListener&&\"undefined\"!=typeof URL&&(d.wp=d.wp||{},d.wp.receiveEmbedMessage||(d.wp.receiveEmbedMessage=function(e){var t=e.data;if((t||t.secret||t.message||t.value)&&!\/[^a-zA-Z0-9]\/.test(t.secret)){for(var s,r,n,a=l.querySelectorAll('iframe[data-secret=\"'+t.secret+'\"]'),o=l.querySelectorAll('blockquote[data-secret=\"'+t.secret+'\"]'),c=new RegExp(\"^https?:$\",\"i\"),i=0;i<o.length;i++)o[i].style.display=\"none\";for(i=0;i<a.length;i++)s=a[i],e.source===s.contentWindow&&(s.removeAttribute(\"style\"),\"height\"===t.message?(1e3<(r=parseInt(t.value,10))?r=1e3:~~r<200&&(r=200),s.height=r):\"link\"===t.message&&(r=new URL(s.getAttribute(\"src\")),n=new URL(t.value),c.test(n.protocol))&&n.host===r.host&&l.activeElement===s&&(d.top.location.href=t.value))}},d.addEventListener(\"message\",d.wp.receiveEmbedMessage,!1),l.addEventListener(\"DOMContentLoaded\",function(){for(var e,t,s=l.querySelectorAll(\"iframe.wp-embedded-content\"),r=0;r<s.length;r++)(t=(e=s[r]).getAttribute(\"data-secret\"))||(t=Math.random().toString(36).substring(2,12),e.src+=\"#?secret=\"+t,e.setAttribute(\"data-secret\",t)),e.contentWindow.postMessage({message:\"ready\",secret:t},\"*\")},!1)))}(window,document);\n\/\/# sourceURL=https:\/\/www.ibbycat.cat\/wp-includes\/js\/wp-embed.min.js\n<\/script>\n","thumbnail_url":"https:\/\/www.ibbycat.cat\/wp-content\/uploads\/978-84-261-4615-1.jpg","thumbnail_width":637,"thumbnail_height":800,"description":"Pensar en Marianne Dubuc \u00e9s pensar en llibres il\u00b7lustrats per als m\u00e9s petits. Aquesta il\u00b7lustradora canadenca va comen\u00e7ar la seva carrera en el m\u00f3n de la literatura infantil el 2006, despr\u00e9s d\u2019haver estudiat disseny gr\u00e0fic, i des d\u2019aleshores el seu univers literari i est\u00e8tic s\u2019ha colat amb for\u00e7a en totes les prestatgeries i biblioteques infantils. El seu llibre Davant de casa meva\u00a0(Joventut, 2010), publicat originalment per \u00c9ditions de la Courte Ech\u00e8lle el 2010, es va traduir a m\u00e9s de dotze lleng\u00fces, va ser finalista de diversos premis, tant al Canad\u00e0 com a l\u2019estranger, i va marcar el comen\u00e7ament d\u2019una carrera internacional que es fa lloc, sense necessitat d\u2019empentes, en l&#8217;ardu\u00f3s mercat de novetats. Aix\u00ed, El jard\u00ed d\u2019en Bernat, la seva darrera publicaci\u00f3, presenta una hist\u00f2ria narrativament amable i afectuosa, com s\u00f3n de fet tots els seus relats, on el senyor Gnom, el petit Bernat i la resta d\u2019animalets que viuen sota terra, com ara el talp Pepet, la fam\u00edlia Ratol\u00ed, el cuc de terra Gael i la formiga Camil\u00b7la s\u00f3n els protagonistes absoluts i sense distinci\u00f3 de la trama. A m\u00e9s, \u00abtots s\u00f3n molt feli\u00e7os. Per\u00f2, un mat\u00ed, de cop i volta, sense previ av\u00eds, cau una cosa del cel i aterra al jard\u00ed\u00bb. Amb una al\u00b7lusi\u00f3 directa al funcionament d\u2019un ecosistema i les interaccions que s\u2019hi desenvolupen, aquest \u00e9s un conte optimista sobre la possibilitat evident de conviure en un mateix entorn alhora que tothom s\u2019ajuda m\u00fatuament i accepta les limitacions naturals. La clau \u00e9s, en definitiva, trobar un equilibri entre els interessos i les necessitats de cadasc\u00fa, un missatge entusiasta explicat amb senzillesa i adaptat al lector infantil, sense allunyar-se d\u2019una certa exig\u00e8ncia cient\u00edfica, que concorda deliciosament amb la candidesa pl\u00e0stica amb qu\u00e8 ha sedu\u00eft els seus nombrosos seguidors. DUBUC, Marianne Raquel Sol\u00e0 Marianne Dubuc Joventut"}