{"version":"1.0","provider_name":"Ibbycat","provider_url":"https:\/\/www.ibbycat.cat\/es\/","author_name":"Webico","author_url":"https:\/\/www.ibbycat.cat\/es\/author\/webico\/","title":"El pa\u00eds de la primavera - Ibbycat","type":"rich","width":600,"height":338,"html":"<blockquote class=\"wp-embedded-content\" data-secret=\"oGtiTH9WUB\"><a href=\"https:\/\/www.ibbycat.cat\/es\/llibre\/el-pais-de-la-primavera\/\">El pa\u00eds de la primavera<\/a><\/blockquote><iframe sandbox=\"allow-scripts\" security=\"restricted\" src=\"https:\/\/www.ibbycat.cat\/es\/llibre\/el-pais-de-la-primavera\/embed\/#?secret=oGtiTH9WUB\" width=\"600\" height=\"338\" title=\"\u00abEl pa\u00eds de la primavera\u00bb \u2014 Ibbycat\" data-secret=\"oGtiTH9WUB\" frameborder=\"0\" marginwidth=\"0\" marginheight=\"0\" scrolling=\"no\" class=\"wp-embedded-content\"><\/iframe><script>\n\/*! This file is auto-generated *\/\n!function(d,l){\"use strict\";l.querySelector&&d.addEventListener&&\"undefined\"!=typeof URL&&(d.wp=d.wp||{},d.wp.receiveEmbedMessage||(d.wp.receiveEmbedMessage=function(e){var t=e.data;if((t||t.secret||t.message||t.value)&&!\/[^a-zA-Z0-9]\/.test(t.secret)){for(var s,r,n,a=l.querySelectorAll('iframe[data-secret=\"'+t.secret+'\"]'),o=l.querySelectorAll('blockquote[data-secret=\"'+t.secret+'\"]'),c=new RegExp(\"^https?:$\",\"i\"),i=0;i<o.length;i++)o[i].style.display=\"none\";for(i=0;i<a.length;i++)s=a[i],e.source===s.contentWindow&&(s.removeAttribute(\"style\"),\"height\"===t.message?(1e3<(r=parseInt(t.value,10))?r=1e3:~~r<200&&(r=200),s.height=r):\"link\"===t.message&&(r=new URL(s.getAttribute(\"src\")),n=new URL(t.value),c.test(n.protocol))&&n.host===r.host&&l.activeElement===s&&(d.top.location.href=t.value))}},d.addEventListener(\"message\",d.wp.receiveEmbedMessage,!1),l.addEventListener(\"DOMContentLoaded\",function(){for(var e,t,s=l.querySelectorAll(\"iframe.wp-embedded-content\"),r=0;r<s.length;r++)(t=(e=s[r]).getAttribute(\"data-secret\"))||(t=Math.random().toString(36).substring(2,12),e.src+=\"#?secret=\"+t,e.setAttribute(\"data-secret\",t)),e.contentWindow.postMessage({message:\"ready\",secret:t},\"*\")},!1)))}(window,document);\n\/\/# sourceURL=https:\/\/www.ibbycat.cat\/wp-includes\/js\/wp-embed.min.js\n<\/script>\n","thumbnail_url":"https:\/\/www.ibbycat.cat\/wp-content\/uploads\/978-84-479-2605-3.jpg","thumbnail_width":140,"thumbnail_height":140,"description":"Dos llibres que pretenen acostar els primers lectors a les caracter\u00edstiques pr\u00f2pies de la primavera i l\u2019estiu, tant pel que fa al temps meteorol\u00f2gic d\u2019a-questes estacions com als costums i h\u00e0bits que els corresponen: festes, vacances, etc. El format quadrat, enquadernat en carton\u00e9, l\u2019acurat disseny, la lletra lligada i les molt treballades i simp\u00e0tiques il\u00b7lustracions de Francesc Rovira els fan molt atractius En canvi, el text no \u00e9s tan reeixit. No es tracta ben b\u00e9 d\u2019un conte \u2014at\u00e8s que no hi ha nus ni conflicte ni desenlla\u00e7 de cap acci\u00f3 concreta\u2014, sin\u00f3 m\u00e9s aviat d\u2019una llarga descripci\u00f3 de com \u00e9s la primavera i de com \u00e9s l\u2019estiu. Hi ha una Princesa Primavera i una Reina Calor i un Rei Fred, per\u00f2 no s\u00f3n exactament personatges que formin part d\u2019una trama, a qui els succeixi alguna cosa concreta. Per aquest motiu la lectura es fa un poc ensopida i perd inter\u00e8s. BLANCH, Xavier Francesc Rovira Baula"}