{"version":"1.0","provider_name":"Ibbycat","provider_url":"https:\/\/www.ibbycat.cat\/es\/","author_name":"Webico","author_url":"https:\/\/www.ibbycat.cat\/es\/author\/webico\/","title":"En Biel al laberint - Ibbycat","type":"rich","width":600,"height":338,"html":"<blockquote class=\"wp-embedded-content\" data-secret=\"sdXkoUj0yK\"><a href=\"https:\/\/www.ibbycat.cat\/es\/llibre\/en-biel-al-laberint\/\">En Biel al laberint<\/a><\/blockquote><iframe sandbox=\"allow-scripts\" security=\"restricted\" src=\"https:\/\/www.ibbycat.cat\/es\/llibre\/en-biel-al-laberint\/embed\/#?secret=sdXkoUj0yK\" width=\"600\" height=\"338\" title=\"\u00abEn Biel al laberint\u00bb \u2014 Ibbycat\" data-secret=\"sdXkoUj0yK\" frameborder=\"0\" marginwidth=\"0\" marginheight=\"0\" scrolling=\"no\" class=\"wp-embedded-content\"><\/iframe><script>\n\/*! This file is auto-generated *\/\n!function(d,l){\"use strict\";l.querySelector&&d.addEventListener&&\"undefined\"!=typeof URL&&(d.wp=d.wp||{},d.wp.receiveEmbedMessage||(d.wp.receiveEmbedMessage=function(e){var t=e.data;if((t||t.secret||t.message||t.value)&&!\/[^a-zA-Z0-9]\/.test(t.secret)){for(var s,r,n,a=l.querySelectorAll('iframe[data-secret=\"'+t.secret+'\"]'),o=l.querySelectorAll('blockquote[data-secret=\"'+t.secret+'\"]'),c=new RegExp(\"^https?:$\",\"i\"),i=0;i<o.length;i++)o[i].style.display=\"none\";for(i=0;i<a.length;i++)s=a[i],e.source===s.contentWindow&&(s.removeAttribute(\"style\"),\"height\"===t.message?(1e3<(r=parseInt(t.value,10))?r=1e3:~~r<200&&(r=200),s.height=r):\"link\"===t.message&&(r=new URL(s.getAttribute(\"src\")),n=new URL(t.value),c.test(n.protocol))&&n.host===r.host&&l.activeElement===s&&(d.top.location.href=t.value))}},d.addEventListener(\"message\",d.wp.receiveEmbedMessage,!1),l.addEventListener(\"DOMContentLoaded\",function(){for(var e,t,s=l.querySelectorAll(\"iframe.wp-embedded-content\"),r=0;r<s.length;r++)(t=(e=s[r]).getAttribute(\"data-secret\"))||(t=Math.random().toString(36).substring(2,12),e.src+=\"#?secret=\"+t,e.setAttribute(\"data-secret\",t)),e.contentWindow.postMessage({message:\"ready\",secret:t},\"*\")},!1)))}(window,document);\n\/\/# sourceURL=https:\/\/www.ibbycat.cat\/wp-includes\/js\/wp-embed.min.js\n<\/script>\n","thumbnail_url":"https:\/\/www.ibbycat.cat\/wp-content\/uploads\/978-84-15549-84-0.jpg","thumbnail_width":140,"thumbnail_height":140,"description":"Proteus, editorial espe-cialitzada en llibres sobre \u00e8tica i filosofia, fa tres anys que tamb\u00e9 edita llibres per a infants amb la finalitat de fer-los reflexionar. En Biel ha perdut un ninot i est\u00e0 conven\u00e7ut que \u00e9s al bosc. Un cop all\u00e0, en comptes de trobar el que buscava coneix un aviador perdut, i \u00e9s a partir d\u2019aquest mo-ment que comen\u00e7a una aventura que el portar\u00e0 a con\u00e8ixer el mite del minotaure i el fil d\u2019Ariadna. S\u00ed, explicat aix\u00ed sembla una mica samfaina d\u2019hist\u00f2ries, i \u00e9s que \u00e9s ben b\u00e9 aix\u00ed: l\u2019autor d\u2019El petit pr\u00edncep enlla\u00e7a en Biel i el seu tricicle amb el mite de Minos, Teseu, Ariadna i el minotaure, potser una mica for\u00e7at. Pel que fa al text, tot i que pret\u00e9n ser una hist\u00f2ria d\u2019aventures per a infants a partir de set anys, malauradament molts dels lectors a qui s\u2019adre\u00e7a encara no hauran llegit l\u2019obra de Saint-Exup\u00e9ry i per tant no entendran la hist\u00f2ria. La finalitat del llibre \u00e9s, tal com s\u2019explica a la nota final, ajudar en Biel, un nen que t\u00e9 una malformaci\u00f3 a les cames i a qui es destinaran tots els guanys de la venda d\u2019aquest llibre. Esperem, doncs, que en Biel no nom\u00e9s pugui volar amb l\u2019Antoine, sin\u00f3 sobretot que pugui caminar. OSSET, Miquel Eduardo de la Torre Proteus"}