{"version":"1.0","provider_name":"Ibbycat","provider_url":"https:\/\/www.ibbycat.cat\/es\/","author_name":"Webico","author_url":"https:\/\/www.ibbycat.cat\/es\/author\/webico\/","title":"En Luka i la Maria al Pa\u00eds Vermell - Ibbycat","type":"rich","width":600,"height":338,"html":"<blockquote class=\"wp-embedded-content\" data-secret=\"lZDUKFL1jh\"><a href=\"https:\/\/www.ibbycat.cat\/es\/llibre\/en-luka-i-la-maria-al-pais-vermell\/\">En Luka i la Maria al Pa\u00eds Vermell<\/a><\/blockquote><iframe sandbox=\"allow-scripts\" security=\"restricted\" src=\"https:\/\/www.ibbycat.cat\/es\/llibre\/en-luka-i-la-maria-al-pais-vermell\/embed\/#?secret=lZDUKFL1jh\" width=\"600\" height=\"338\" title=\"\u00abEn Luka i la Maria al Pa\u00eds Vermell\u00bb \u2014 Ibbycat\" data-secret=\"lZDUKFL1jh\" frameborder=\"0\" marginwidth=\"0\" marginheight=\"0\" scrolling=\"no\" class=\"wp-embedded-content\"><\/iframe><script>\n\/*! This file is auto-generated *\/\n!function(d,l){\"use strict\";l.querySelector&&d.addEventListener&&\"undefined\"!=typeof URL&&(d.wp=d.wp||{},d.wp.receiveEmbedMessage||(d.wp.receiveEmbedMessage=function(e){var t=e.data;if((t||t.secret||t.message||t.value)&&!\/[^a-zA-Z0-9]\/.test(t.secret)){for(var s,r,n,a=l.querySelectorAll('iframe[data-secret=\"'+t.secret+'\"]'),o=l.querySelectorAll('blockquote[data-secret=\"'+t.secret+'\"]'),c=new RegExp(\"^https?:$\",\"i\"),i=0;i<o.length;i++)o[i].style.display=\"none\";for(i=0;i<a.length;i++)s=a[i],e.source===s.contentWindow&&(s.removeAttribute(\"style\"),\"height\"===t.message?(1e3<(r=parseInt(t.value,10))?r=1e3:~~r<200&&(r=200),s.height=r):\"link\"===t.message&&(r=new URL(s.getAttribute(\"src\")),n=new URL(t.value),c.test(n.protocol))&&n.host===r.host&&l.activeElement===s&&(d.top.location.href=t.value))}},d.addEventListener(\"message\",d.wp.receiveEmbedMessage,!1),l.addEventListener(\"DOMContentLoaded\",function(){for(var e,t,s=l.querySelectorAll(\"iframe.wp-embedded-content\"),r=0;r<s.length;r++)(t=(e=s[r]).getAttribute(\"data-secret\"))||(t=Math.random().toString(36).substring(2,12),e.src+=\"#?secret=\"+t,e.setAttribute(\"data-secret\",t)),e.contentWindow.postMessage({message:\"ready\",secret:t},\"*\")},!1)))}(window,document);\n\/\/# sourceURL=https:\/\/www.ibbycat.cat\/wp-includes\/js\/wp-embed.min.js\n<\/script>\n","thumbnail_url":"https:\/\/www.ibbycat.cat\/wp-content\/uploads\/84-489-2887-8.jpg","thumbnail_width":140,"thumbnail_height":140,"description":"En Luka i la Maria s\u2019avorrei-xen i demanen al seu avi qu\u00e8 poden fer per divertir-se: ell, com sempre, s\u2019inventa una aventura per a ells. En aquesta ocasi\u00f3 l\u2019hauran d\u2019anar a c\u00f3rrer al Pa\u00eds Vermell. El conte comen\u00e7a b\u00e9, amb l\u2019entrada (d\u2019una manera potser massa sobtada, massa narniana) a aquest pa\u00eds; les proves que els ha posat l\u2019avi no s\u00f3n complicades per\u00f2 s\u00ed que ho \u00e9s la manera en qu\u00e8 s\u2019explica. Potser l\u2019exc\u00e9s d\u2019hist\u00f2ries que es van obrint per anar aconseguint les pistes fa que el lector en perdi el fil i decaigui la tensi\u00f3, malgrat que els di\u00e0legs agilitzin la hist\u00f2ria. Les il\u00b7lustracions, a dues tintes, descriuen moments curiosos \u2014no sempre transcendents, cosa que li d\u00f3na originalitat\u2014 de la hist\u00f2ria i ho fan de manera molt encertada; l\u2019\u00fanica pega \u00e9s, potser, que el color vermell predominant en alguna ocasi\u00f3 exclou els elements que el text precisa que no ho s\u00f3n. En tot cas, no ens queda el dubte de saber que som al Pa\u00eds&#8230; Vermell! SORRIBAS Sebasti\u00e0 Mireia Coll Barcanova"}