{"version":"1.0","provider_name":"Ibbycat","provider_url":"https:\/\/www.ibbycat.cat\/es\/","author_name":"Webico","author_url":"https:\/\/www.ibbycat.cat\/es\/author\/webico\/","title":"Jo, el calaix i el meu misteri - Ibbycat","type":"rich","width":600,"height":338,"html":"<blockquote class=\"wp-embedded-content\" data-secret=\"opYNujtrC8\"><a href=\"https:\/\/www.ibbycat.cat\/es\/llibre\/jo-el-calaix-i-el-meu-misteri\/\">Jo, el calaix i el meu misteri<\/a><\/blockquote><iframe sandbox=\"allow-scripts\" security=\"restricted\" src=\"https:\/\/www.ibbycat.cat\/es\/llibre\/jo-el-calaix-i-el-meu-misteri\/embed\/#?secret=opYNujtrC8\" width=\"600\" height=\"338\" title=\"\u00abJo, el calaix i el meu misteri\u00bb \u2014 Ibbycat\" data-secret=\"opYNujtrC8\" frameborder=\"0\" marginwidth=\"0\" marginheight=\"0\" scrolling=\"no\" class=\"wp-embedded-content\"><\/iframe><script>\n\/*! This file is auto-generated *\/\n!function(d,l){\"use strict\";l.querySelector&&d.addEventListener&&\"undefined\"!=typeof URL&&(d.wp=d.wp||{},d.wp.receiveEmbedMessage||(d.wp.receiveEmbedMessage=function(e){var t=e.data;if((t||t.secret||t.message||t.value)&&!\/[^a-zA-Z0-9]\/.test(t.secret)){for(var s,r,n,a=l.querySelectorAll('iframe[data-secret=\"'+t.secret+'\"]'),o=l.querySelectorAll('blockquote[data-secret=\"'+t.secret+'\"]'),c=new RegExp(\"^https?:$\",\"i\"),i=0;i<o.length;i++)o[i].style.display=\"none\";for(i=0;i<a.length;i++)s=a[i],e.source===s.contentWindow&&(s.removeAttribute(\"style\"),\"height\"===t.message?(1e3<(r=parseInt(t.value,10))?r=1e3:~~r<200&&(r=200),s.height=r):\"link\"===t.message&&(r=new URL(s.getAttribute(\"src\")),n=new URL(t.value),c.test(n.protocol))&&n.host===r.host&&l.activeElement===s&&(d.top.location.href=t.value))}},d.addEventListener(\"message\",d.wp.receiveEmbedMessage,!1),l.addEventListener(\"DOMContentLoaded\",function(){for(var e,t,s=l.querySelectorAll(\"iframe.wp-embedded-content\"),r=0;r<s.length;r++)(t=(e=s[r]).getAttribute(\"data-secret\"))||(t=Math.random().toString(36).substring(2,12),e.src+=\"#?secret=\"+t,e.setAttribute(\"data-secret\",t)),e.contentWindow.postMessage({message:\"ready\",secret:t},\"*\")},!1)))}(window,document);\n\/\/# sourceURL=https:\/\/www.ibbycat.cat\/wp-includes\/js\/wp-embed.min.js\n<\/script>\n","thumbnail_url":"https:\/\/www.ibbycat.cat\/wp-content\/uploads\/978-84-941825-3-2.jpg","thumbnail_width":140,"thumbnail_height":140,"description":"El protagonista d\u2019aquesta hist\u00f2ria est\u00e0 preocupat perqu\u00e8 no \u00e9s m\u00e9s que un dibuix inacabat d\u2019una figura amb un bra\u00e7 i un cap sense cabells; almenys, per\u00f2, t\u00e9 dos ulls, un nas i una boca. Fins que l\u2019Helena no l\u2019acabi a l\u2019escola, no ser\u00e0 una persona completa. En aquest \u00e0lbum, el treball gr\u00e0fic pren molta import\u00e0ncia: una l\u00ednia gruixuda, combinada amb taques b\u00e0sicament vermelles i negres, d\u00f3na forma als personatges i els objectes. Es tracta de composicions, sempre a doble p\u00e0gina, en les quals bafarades, text i dibuix es troben en un mateix pla. Compte, que de vegades no respiren prou, les escenes. De tota manera, gr\u00e0cies a l\u2019explosi\u00f3 gr\u00e0fica el text pot ressaltar. Si no, potser lluiria poc, considerant la senzillesa que el caracteritza. Al final, hi ha lloc per a la moralina: despr\u00e9s de fer un \u00faltim esfor\u00e7, l\u2019Helena pot enllestir el dibuix, que acaba essent un nen sense una cama, per\u00f2 aix\u00f2 no el fa menys persona, oi? CORTABITARTE, Gemma Lemniscates Tramuntana Editorial"}