{"version":"1.0","provider_name":"Ibbycat","provider_url":"https:\/\/www.ibbycat.cat\/es\/","author_name":"Webico","author_url":"https:\/\/www.ibbycat.cat\/es\/author\/webico\/","title":"La meva fam\u00edlia i l'\u00e0ngel - Ibbycat","type":"rich","width":600,"height":338,"html":"<blockquote class=\"wp-embedded-content\" data-secret=\"NFy58le6ab\"><a href=\"https:\/\/www.ibbycat.cat\/es\/llibre\/la-meva-familia-i-langel\/\">La meva fam\u00edlia i l&#8217;\u00e0ngel<\/a><\/blockquote><iframe sandbox=\"allow-scripts\" security=\"restricted\" src=\"https:\/\/www.ibbycat.cat\/es\/llibre\/la-meva-familia-i-langel\/embed\/#?secret=NFy58le6ab\" width=\"600\" height=\"338\" title=\"\u00abLa meva fam\u00edlia i l&#8217;\u00e0ngel\u00bb \u2014 Ibbycat\" data-secret=\"NFy58le6ab\" frameborder=\"0\" marginwidth=\"0\" marginheight=\"0\" scrolling=\"no\" class=\"wp-embedded-content\"><\/iframe><script>\n\/*! This file is auto-generated *\/\n!function(d,l){\"use strict\";l.querySelector&&d.addEventListener&&\"undefined\"!=typeof URL&&(d.wp=d.wp||{},d.wp.receiveEmbedMessage||(d.wp.receiveEmbedMessage=function(e){var t=e.data;if((t||t.secret||t.message||t.value)&&!\/[^a-zA-Z0-9]\/.test(t.secret)){for(var s,r,n,a=l.querySelectorAll('iframe[data-secret=\"'+t.secret+'\"]'),o=l.querySelectorAll('blockquote[data-secret=\"'+t.secret+'\"]'),c=new RegExp(\"^https?:$\",\"i\"),i=0;i<o.length;i++)o[i].style.display=\"none\";for(i=0;i<a.length;i++)s=a[i],e.source===s.contentWindow&&(s.removeAttribute(\"style\"),\"height\"===t.message?(1e3<(r=parseInt(t.value,10))?r=1e3:~~r<200&&(r=200),s.height=r):\"link\"===t.message&&(r=new URL(s.getAttribute(\"src\")),n=new URL(t.value),c.test(n.protocol))&&n.host===r.host&&l.activeElement===s&&(d.top.location.href=t.value))}},d.addEventListener(\"message\",d.wp.receiveEmbedMessage,!1),l.addEventListener(\"DOMContentLoaded\",function(){for(var e,t,s=l.querySelectorAll(\"iframe.wp-embedded-content\"),r=0;r<s.length;r++)(t=(e=s[r]).getAttribute(\"data-secret\"))||(t=Math.random().toString(36).substring(2,12),e.src+=\"#?secret=\"+t,e.setAttribute(\"data-secret\",t)),e.contentWindow.postMessage({message:\"ready\",secret:t},\"*\")},!1)))}(window,document);\n\/\/# sourceURL=https:\/\/www.ibbycat.cat\/wp-includes\/js\/wp-embed.min.js\n<\/script>\n","thumbnail_url":"https:\/\/www.ibbycat.cat\/wp-content\/uploads\/978-84-9932-370-1.jpg","thumbnail_width":140,"thumbnail_height":140,"description":"Reedici\u00f3 d\u2019un conte escrit el 1991, i editat per primera vegada a la col\u00b7lecci\u00f3 El Vaixell de Vapor el 1992. La fam\u00edlia d\u2019en Joan est\u00e0 a punt de celebrar el Nadal, per\u00f2 aquest no ser\u00e0 un Nadal qualsevol, i \u00e9s que a la cuina de casa seva hi apareix un \u00e0ngel caigut del cel que no sap tornar als n\u00favols. Conviure amb l\u2019\u00e0ngel no ser\u00e0 f\u00e0cil, i m\u00e9s si \u00e9s tan primmirat com en Gabriel. Finalment, amb l\u2019ajuda de l\u2019\u00e0via Tereza i d\u2019un dels seus infal\u00b7libles llibres aconseguiran la f\u00f3rmula m\u00e0gica perqu\u00e8 torni al cel. Partint d\u2019un fet inversemblant, l\u2019autora teixeix amb humor una hist\u00f2ria ben tra\u00e7ada i el resultat \u00e9s una obra entretinguda i divertida que supera el pas del temps. Potser en reeditar-la es podia haver aprofitat per canviar alguna refer\u00e8ncia cultural que passar\u00e0 desapercebuda per a un nen de deu anys (el grup Mecano ja no existeix, Carl Lewis). Les il\u00b7lustracions, que en la primera edici\u00f3 van ser responsabilitat de Mabel Pi\u00e9rola, ara s\u00f3n obra de J\u00falia Sard\u00e0, que d\u00f3na un aire m\u00e9s descriptiu al text. LIENAS, Gemma J\u00falia Sard\u00e0 Estrella Polar"}