{"version":"1.0","provider_name":"Ibbycat","provider_url":"https:\/\/www.ibbycat.cat\/es\/","author_name":"ibbycat","author_url":"https:\/\/www.ibbycat.cat\/es\/author\/ibbycat\/","title":"La novel\u00b7la de l'Ernest i la C\u00e9lestine - Ibbycat","type":"rich","width":600,"height":338,"html":"<blockquote class=\"wp-embedded-content\" data-secret=\"y0qqvyM6io\"><a href=\"https:\/\/www.ibbycat.cat\/es\/llibre\/la-novella-de-lernest-i-la-celestine\/\">La novel\u00b7la de l&#8217;Ernest i la C\u00e9lestine<\/a><\/blockquote><iframe sandbox=\"allow-scripts\" security=\"restricted\" src=\"https:\/\/www.ibbycat.cat\/es\/llibre\/la-novella-de-lernest-i-la-celestine\/embed\/#?secret=y0qqvyM6io\" width=\"600\" height=\"338\" title=\"\u00abLa novel\u00b7la de l&#8217;Ernest i la C\u00e9lestine\u00bb \u2014 Ibbycat\" data-secret=\"y0qqvyM6io\" frameborder=\"0\" marginwidth=\"0\" marginheight=\"0\" scrolling=\"no\" class=\"wp-embedded-content\"><\/iframe><script>\n\/*! This file is auto-generated *\/\n!function(d,l){\"use strict\";l.querySelector&&d.addEventListener&&\"undefined\"!=typeof URL&&(d.wp=d.wp||{},d.wp.receiveEmbedMessage||(d.wp.receiveEmbedMessage=function(e){var t=e.data;if((t||t.secret||t.message||t.value)&&!\/[^a-zA-Z0-9]\/.test(t.secret)){for(var s,r,n,a=l.querySelectorAll('iframe[data-secret=\"'+t.secret+'\"]'),o=l.querySelectorAll('blockquote[data-secret=\"'+t.secret+'\"]'),c=new RegExp(\"^https?:$\",\"i\"),i=0;i<o.length;i++)o[i].style.display=\"none\";for(i=0;i<a.length;i++)s=a[i],e.source===s.contentWindow&&(s.removeAttribute(\"style\"),\"height\"===t.message?(1e3<(r=parseInt(t.value,10))?r=1e3:~~r<200&&(r=200),s.height=r):\"link\"===t.message&&(r=new URL(s.getAttribute(\"src\")),n=new URL(t.value),c.test(n.protocol))&&n.host===r.host&&l.activeElement===s&&(d.top.location.href=t.value))}},d.addEventListener(\"message\",d.wp.receiveEmbedMessage,!1),l.addEventListener(\"DOMContentLoaded\",function(){for(var e,t,s=l.querySelectorAll(\"iframe.wp-embedded-content\"),r=0;r<s.length;r++)(t=(e=s[r]).getAttribute(\"data-secret\"))||(t=Math.random().toString(36).substring(2,12),e.src+=\"#?secret=\"+t,e.setAttribute(\"data-secret\",t)),e.contentWindow.postMessage({message:\"ready\",secret:t},\"*\")},!1)))}(window,document);\n\/\/# sourceURL=https:\/\/www.ibbycat.cat\/wp-includes\/js\/wp-embed.min.js\n<\/script>\n","thumbnail_url":"https:\/\/www.ibbycat.cat\/wp-content\/uploads\/la-novel-la-de-l-ernest-i-la-celestine.jpg","thumbnail_width":255,"thumbnail_height":397,"description":"On s\u2019\u00e9s vist que un os i una ratolina siguin amics? Impossible! Escandal\u00f3s! Terminantment prohibit! Doncs res m\u00e9s lluny, perqu\u00e8 ning\u00fa no podr\u00e0 evitar que l\u2019Ernest i la C\u00e9lestine acabin sent els millors amics del m\u00f3n. Malgrat l\u2019abisme que els separa, tenen una cosa en com\u00fa: tots dos se senten artistes, mentre que la gent del seu voltant no vol ni sentir a parlar de les seves aspiracions. Tot intentant escapar-se del dest\u00ed, es troben i decideixen ajudar-se m\u00fatuament, el primer pas d\u2019una amistat fora del com\u00fa que esdevindr\u00e0 incombustible. Aquests dos personatges, creats el 1981 per l\u2019artista belga Gabrielle Vincent, pseud\u00f2nim de Monique Martin (1928-2000), es poden considerar ja cl\u00e0ssics de la literatura infantil, amb gaireb\u00e9 una trentena d\u2019\u00e0lbums publicats en llengua francesa (en catal\u00e0 en podem trobar alguns a Kalandraka). El 2012, Daniel Pennac, com a homenatge a l\u2019autora, a qui admirava i a qui no havia pogut con\u00e8ixer personalment malgrat que hi havia mantingut una amistat epistolar al llarg dels anys, va escriure La novel\u00b7la de l\u2019Ernest i la C\u00e9lestine\u00a0(paral\u00b7lelament, els protagonistes van fer el salt a la gran pantalla en una pel\u00b7l\u00edcula d\u2019animaci\u00f3 amb gui\u00f3 del mateix autor). En el llibre, Daniel Pennac aconsegueix transmetre l\u2019ess\u00e8ncia dels contes originals, en qu\u00e8 destaca el valor de l\u2019amistat de deb\u00f2, aquella que supera els prejudicis i accepta l\u2019altre amb les virtuts i els defectes, malgrat les dificultats dels protagonistes pel fet de pert\u00e0nyer a dos mons tan diferenciats i a priori antag\u00f2nics: el de dalt (el dels ossos) i el de baix (el dels ratolins). \u00c9s dif\u00edcil no quedar captivat per l\u2019Ernest \u2014os mandr\u00f3s, m\u00fasic ambulant, gran, tranquil i bonhomi\u00f3s\u2014 i la C\u00e9lestine \u2014ratolina dibuixant, menuda, llesta, inquieta i tossuda\u2014. El suspens, les aventures, la imaginaci\u00f3, l\u2019amistat i un bon sentit de l\u2019humor impregnen les l\u00ednies d\u2019aquest relat, que discorre lleuger en gran part a trav\u00e9s del di\u00e0leg fresc entre els dos amics. Alternant amb la narraci\u00f3 principal, l\u2019autor hi incorpora, en format d\u2019apart teatral, uns fragments amb dos nous personatges, l\u2019Autor i el Lector, que conversen entre ells i amb els protagonistes. El Lector, curi\u00f3s i exigent, no es pot resistir a expressar l\u2019opini\u00f3, comunicar el neguit davant de certes situacions o discutir les decisions de l\u2019Autor, un recurs que eixampla els l\u00edmits de la narraci\u00f3 i proporciona al lector (el de deb\u00f2, no el personatge) la possibilitat d\u2019endinsar-se entre els bastidors de l\u2019escriptura. Aquest element \u00e9s ideal per generar conversa liter\u00e0ria, tot i que tamb\u00e9 pot requerir una certa experi\u00e8ncia lectora per no perdre el fil. Finalment, els detalls d\u2019il\u00b7lustraci\u00f3 aquarel\u00b7lada de Benjamin Brenner, tendres i amb humor (inspirats en els dels \u00e0lbums de Gabrielle Vincent i la pel\u00b7l\u00edcula de Se\u00ef Riondet), s\u00f3n un bon complement d\u2019aquesta represa liter\u00e0ria dels entranyables Ernest i C\u00e9lestine. Pennac, Daniel Ubach, Merc\u00e8 Renner, Benjamin Animallibres"}