{"version":"1.0","provider_name":"Ibbycat","provider_url":"https:\/\/www.ibbycat.cat\/es\/","author_name":"Webico","author_url":"https:\/\/www.ibbycat.cat\/es\/author\/webico\/","title":"L'al\u00e8 del drac - Ibbycat","type":"rich","width":600,"height":338,"html":"<blockquote class=\"wp-embedded-content\" data-secret=\"5O5ssQ8rxv\"><a href=\"https:\/\/www.ibbycat.cat\/es\/llibre\/lale-del-drac\/\">L&#8217;al\u00e8 del drac<\/a><\/blockquote><iframe sandbox=\"allow-scripts\" security=\"restricted\" src=\"https:\/\/www.ibbycat.cat\/es\/llibre\/lale-del-drac\/embed\/#?secret=5O5ssQ8rxv\" width=\"600\" height=\"338\" title=\"\u00abL&#8217;al\u00e8 del drac\u00bb \u2014 Ibbycat\" data-secret=\"5O5ssQ8rxv\" frameborder=\"0\" marginwidth=\"0\" marginheight=\"0\" scrolling=\"no\" class=\"wp-embedded-content\"><\/iframe><script>\n\/*! This file is auto-generated *\/\n!function(d,l){\"use strict\";l.querySelector&&d.addEventListener&&\"undefined\"!=typeof URL&&(d.wp=d.wp||{},d.wp.receiveEmbedMessage||(d.wp.receiveEmbedMessage=function(e){var t=e.data;if((t||t.secret||t.message||t.value)&&!\/[^a-zA-Z0-9]\/.test(t.secret)){for(var s,r,n,a=l.querySelectorAll('iframe[data-secret=\"'+t.secret+'\"]'),o=l.querySelectorAll('blockquote[data-secret=\"'+t.secret+'\"]'),c=new RegExp(\"^https?:$\",\"i\"),i=0;i<o.length;i++)o[i].style.display=\"none\";for(i=0;i<a.length;i++)s=a[i],e.source===s.contentWindow&&(s.removeAttribute(\"style\"),\"height\"===t.message?(1e3<(r=parseInt(t.value,10))?r=1e3:~~r<200&&(r=200),s.height=r):\"link\"===t.message&&(r=new URL(s.getAttribute(\"src\")),n=new URL(t.value),c.test(n.protocol))&&n.host===r.host&&l.activeElement===s&&(d.top.location.href=t.value))}},d.addEventListener(\"message\",d.wp.receiveEmbedMessage,!1),l.addEventListener(\"DOMContentLoaded\",function(){for(var e,t,s=l.querySelectorAll(\"iframe.wp-embedded-content\"),r=0;r<s.length;r++)(t=(e=s[r]).getAttribute(\"data-secret\"))||(t=Math.random().toString(36).substring(2,12),e.src+=\"#?secret=\"+t,e.setAttribute(\"data-secret\",t)),e.contentWindow.postMessage({message:\"ready\",secret:t},\"*\")},!1)))}(window,document);\n\/\/# sourceURL=https:\/\/www.ibbycat.cat\/wp-includes\/js\/wp-embed.min.js\n<\/script>\n","thumbnail_url":"https:\/\/www.ibbycat.cat\/wp-content\/uploads\/978-84-246-6469-5.jpg","thumbnail_width":188,"thumbnail_height":269,"description":"A l\u2019estiu de 1868, Antoni Gaud\u00ed t\u00e9 16 anys. Fa temps que est\u00e0 enamorat de la Coia, una noia que viu d\u2019esquena als estereotips femenins de l\u2019\u00e8poca i que li ha obert els ulls a la natura i la fantasia. Quan la Coia apareix morta en una bassa, l\u2019Antoni no es creu la versi\u00f3 oficial del su\u00efcidi i juntament amb un jove policia amb qui trava amistat segueix les pistes que troba fins a descobrir que es tracta d\u2019un assassinat en qu\u00e8 es barregen la venjan\u00e7a personal i els interessos econ\u00f2mics de l\u2019amo d\u2019una f\u00e0brica t\u00e8xtil. En la dedicat\u00f2ria de la novel\u00b7la, premi Joaquim Ruyra del 2018, Maite Carranza reivindica el paper formatiu de la literatura juvenil, a la qual s\u2019ha lliurat amb encert durant m\u00e9s de vint anys. L\u2019al\u00e8 del drac n\u2019\u00e9s una excel\u00b7lent mostra. L\u2019autora construeix una trama detectivesca ben travada i que mant\u00e9 la tensi\u00f3 fins al final, alhora que pren el poc que es coneix de la joventut de Gaud\u00ed per imaginar les raons del seu car\u00e0cter i\u00a0 les claus de la seva creaci\u00f3. La hist\u00f2ria est\u00e0 ambientada en uns temps convulsos i il\u00b7lusionants, els de les lluites obreres contra les condicions laborals a les f\u00e0briques i l\u2019arribada de la primera Rep\u00fablica. Per\u00f2 el que fa encara m\u00e9s interessant la lectura \u00e9s la construcci\u00f3 de l\u2019aut\u00e8ntic personatge protagonista de la novel\u00b7la, la Coia, una noia avan\u00e7ada al seu temps que, des de la perspectiva actual, representa un model feminista de lluita contra les injust\u00edcies de classe i de g\u00e8nere. CARRANZA, Maite  la Galera"}