{"version":"1.0","provider_name":"Ibbycat","provider_url":"https:\/\/www.ibbycat.cat\/es\/","author_name":"Webico","author_url":"https:\/\/www.ibbycat.cat\/es\/author\/webico\/","title":"L'\u00c0lex i en Gandhi al Brasil - Ibbycat","type":"rich","width":600,"height":338,"html":"<blockquote class=\"wp-embedded-content\" data-secret=\"MipGeBsmQp\"><a href=\"https:\/\/www.ibbycat.cat\/es\/llibre\/lalex-i-en-gandhi-al-brasil\/\">L&#8217;\u00c0lex i en Gandhi al Brasil<\/a><\/blockquote><iframe sandbox=\"allow-scripts\" security=\"restricted\" src=\"https:\/\/www.ibbycat.cat\/es\/llibre\/lalex-i-en-gandhi-al-brasil\/embed\/#?secret=MipGeBsmQp\" width=\"600\" height=\"338\" title=\"\u00abL&#8217;\u00c0lex i en Gandhi al Brasil\u00bb \u2014 Ibbycat\" data-secret=\"MipGeBsmQp\" frameborder=\"0\" marginwidth=\"0\" marginheight=\"0\" scrolling=\"no\" class=\"wp-embedded-content\"><\/iframe><script>\n\/*! This file is auto-generated *\/\n!function(d,l){\"use strict\";l.querySelector&&d.addEventListener&&\"undefined\"!=typeof URL&&(d.wp=d.wp||{},d.wp.receiveEmbedMessage||(d.wp.receiveEmbedMessage=function(e){var t=e.data;if((t||t.secret||t.message||t.value)&&!\/[^a-zA-Z0-9]\/.test(t.secret)){for(var s,r,n,a=l.querySelectorAll('iframe[data-secret=\"'+t.secret+'\"]'),o=l.querySelectorAll('blockquote[data-secret=\"'+t.secret+'\"]'),c=new RegExp(\"^https?:$\",\"i\"),i=0;i<o.length;i++)o[i].style.display=\"none\";for(i=0;i<a.length;i++)s=a[i],e.source===s.contentWindow&&(s.removeAttribute(\"style\"),\"height\"===t.message?(1e3<(r=parseInt(t.value,10))?r=1e3:~~r<200&&(r=200),s.height=r):\"link\"===t.message&&(r=new URL(s.getAttribute(\"src\")),n=new URL(t.value),c.test(n.protocol))&&n.host===r.host&&l.activeElement===s&&(d.top.location.href=t.value))}},d.addEventListener(\"message\",d.wp.receiveEmbedMessage,!1),l.addEventListener(\"DOMContentLoaded\",function(){for(var e,t,s=l.querySelectorAll(\"iframe.wp-embedded-content\"),r=0;r<s.length;r++)(t=(e=s[r]).getAttribute(\"data-secret\"))||(t=Math.random().toString(36).substring(2,12),e.src+=\"#?secret=\"+t,e.setAttribute(\"data-secret\",t)),e.contentWindow.postMessage({message:\"ready\",secret:t},\"*\")},!1)))}(window,document);\n\/\/# sourceURL=https:\/\/www.ibbycat.cat\/wp-includes\/js\/wp-embed.min.js\n<\/script>\n","thumbnail_url":"https:\/\/www.ibbycat.cat\/wp-content\/uploads\/978-84-8452-587-5.jpg","thumbnail_width":140,"thumbnail_height":140,"description":"Com a exemplar d\u2019una col\u00b7lecci\u00f3 que t\u00e9 per objectiu posar de manifest les desigualtats socials, ja abans de llegir-lo, sabem que es tracta d\u2019un llibre-den\u00fancia. Un cop llegit, sabem tamb\u00e9 que descriu d\u2019una manera cre\u00efble l\u2019ambient del pa\u00eds (diferent en cada n\u00famero), alhora que segueix la pauta de les novel\u00b7les de colles amb gos que passen aventures. Aqu\u00ed, per\u00f2, no \u00e9s la colla qui fa la recerca, sin\u00f3 que la detectiva \u00e9s \u00abl\u2019enemic\u00bb. Una altra difer\u00e8ncia amb els referents \u00e9s que el gos&#8230; parla! Lluny de ser estereotips, els personatges tenen uns matisos que els fan interessants (s\u2019equivoquen, s\u2019enfaden, tenen por). L\u2019estructura \u00e9s \u00e0gil, gr\u00e0cies a l\u2019alternan\u00e7a de l\u2019estil col\u00b7loquial del protagonista, que se\u2019ns adre\u00e7a en primera persona, amb l\u2019objectivitat dels informes que Frida envia als pares de l\u2019\u00c0lex. Per cert, a trav\u00e9s dels informes podem aprendre com \u00e9s la feina dels detectius i, a m\u00e9s, inclouen comentaris sobre la injust\u00edcia. Les il\u00b7lustracions, en blanc i negre, s\u00f3n abundants, expressives i detallistes. Sembla que autora i il\u00b7lustrador han arribat a una entesa perfecta, i aconsegueixen una novel\u00b7la d\u2019aventures amb consci\u00e8ncia social, que diverteix tant com fa reflexionar. MANSO, Anna Emilio Urberuaga Interm\u00f3n-Oxfam"}