{"version":"1.0","provider_name":"Ibbycat","provider_url":"https:\/\/www.ibbycat.cat\/es\/","author_name":"Webico","author_url":"https:\/\/www.ibbycat.cat\/es\/author\/webico\/","title":"Les coses que se'n van - Ibbycat","type":"rich","width":600,"height":338,"html":"<blockquote class=\"wp-embedded-content\" data-secret=\"QICktYD00f\"><a href=\"https:\/\/www.ibbycat.cat\/es\/llibre\/les-coses-que-sen-van\/\">Les coses que se&#8217;n van<\/a><\/blockquote><iframe sandbox=\"allow-scripts\" security=\"restricted\" src=\"https:\/\/www.ibbycat.cat\/es\/llibre\/les-coses-que-sen-van\/embed\/#?secret=QICktYD00f\" width=\"600\" height=\"338\" title=\"\u00abLes coses que se&#8217;n van\u00bb \u2014 Ibbycat\" data-secret=\"QICktYD00f\" frameborder=\"0\" marginwidth=\"0\" marginheight=\"0\" scrolling=\"no\" class=\"wp-embedded-content\"><\/iframe><script>\n\/*! This file is auto-generated *\/\n!function(d,l){\"use strict\";l.querySelector&&d.addEventListener&&\"undefined\"!=typeof URL&&(d.wp=d.wp||{},d.wp.receiveEmbedMessage||(d.wp.receiveEmbedMessage=function(e){var t=e.data;if((t||t.secret||t.message||t.value)&&!\/[^a-zA-Z0-9]\/.test(t.secret)){for(var s,r,n,a=l.querySelectorAll('iframe[data-secret=\"'+t.secret+'\"]'),o=l.querySelectorAll('blockquote[data-secret=\"'+t.secret+'\"]'),c=new RegExp(\"^https?:$\",\"i\"),i=0;i<o.length;i++)o[i].style.display=\"none\";for(i=0;i<a.length;i++)s=a[i],e.source===s.contentWindow&&(s.removeAttribute(\"style\"),\"height\"===t.message?(1e3<(r=parseInt(t.value,10))?r=1e3:~~r<200&&(r=200),s.height=r):\"link\"===t.message&&(r=new URL(s.getAttribute(\"src\")),n=new URL(t.value),c.test(n.protocol))&&n.host===r.host&&l.activeElement===s&&(d.top.location.href=t.value))}},d.addEventListener(\"message\",d.wp.receiveEmbedMessage,!1),l.addEventListener(\"DOMContentLoaded\",function(){for(var e,t,s=l.querySelectorAll(\"iframe.wp-embedded-content\"),r=0;r<s.length;r++)(t=(e=s[r]).getAttribute(\"data-secret\"))||(t=Math.random().toString(36).substring(2,12),e.src+=\"#?secret=\"+t,e.setAttribute(\"data-secret\",t)),e.contentWindow.postMessage({message:\"ready\",secret:t},\"*\")},!1)))}(window,document);\n\/\/# sourceURL=https:\/\/www.ibbycat.cat\/wp-includes\/js\/wp-embed.min.js\n<\/script>\n","thumbnail_url":"https:\/\/www.ibbycat.cat\/wp-content\/uploads\/978-84-9101-581-9.jpeg","thumbnail_width":306,"thumbnail_height":450,"description":"La son fuig, la m\u00fasica s\u2019enlaira, les ll\u00e0grimes s\u2019eixuguen, la por se\u2019n va&#8230; A la vida, hi ha moltes coses que desapareixen, que es transformen. Ves quina idea tan simple i not\u00f2ria, tan viscuda per nosaltres i pels nostres infants. Per\u00f2 que ben expressada en aquest \u00e0lbum de Beatrice Alemagna! A Les coses que se\u2019n van la c\u00e8lebre autora italiana il\u00b7lustra un seguit d\u2019escenes quotidianes que mostren processos de canvi i evidencien la transitorietat de la realitat que ens envolta i d\u2019all\u00f2 que sentim. Unes transformacions expressades mitjan\u00e7ant l\u2019\u00fas de fulls de paper vegetal que podem traslladar d\u2019una banda a l\u2019altra de cada doble p\u00e0gina, per moure aix\u00ed l\u2019element que se\u2019n va. Un giny senzill per\u00f2 efica\u00e7: forma al servei de contingut. Les il\u00b7lustracions al guaix juguen amb el contrast entre la gamma predominant de tons apagats i algunes sobtades notes llampants, com ja hav\u00edem vist en altres obres d\u2019Alemagna. Un segell personal recognoscible aix\u00ed mateix en els personatges, d\u2019estil gens edulcorat, per\u00f2 que aconsegueixen transmetre una tendresa especial. Aquest sentiment es fa sobretot pal\u00e8s a la part final de l\u2019obra, on descobrim que hi ha\u00a0alguna cosa que mai no se\u2019n va. Les imatges estan acompanyades d\u2019un text d\u2019all\u00f2 m\u00e9s breu, el just i necessari per identificar la idea principal de cada passatge. El format, rectangular, vertical i m\u00e9s petit de l\u2019habitual en un \u00e0lbum, dificulta una possible lectura compartida amb tot un grup, per\u00f2 convida a una relaci\u00f3 d\u2019intimitat entre obra i lector. Les seves caracter\u00edstiques f\u00edsiques el converteixen en un llibre delicat, idoni per gaudir amb els infants en petit comit\u00e8 i amb molta calma. Vet aqu\u00ed, doncs, un nou t\u00edtol reeixit d\u2019una de les grans autores d\u2019\u00e0lbum contemporani a escala internacional. Potser la majoria de coses se\u2019n van, per\u00f2 sortosament el talent d\u2019Alemagna segueix ben present. ALEMAGNA, Beatrice Aurora Ballester Combel"}