{"version":"1.0","provider_name":"Ibbycat","provider_url":"https:\/\/www.ibbycat.cat\/es\/","author_name":"Webico","author_url":"https:\/\/www.ibbycat.cat\/es\/author\/webico\/","title":"L'Illa de les Foques. - Ibbycat","type":"rich","width":600,"height":338,"html":"<blockquote class=\"wp-embedded-content\" data-secret=\"Q90LGWSvwl\"><a href=\"https:\/\/www.ibbycat.cat\/es\/llibre\/lilla-de-les-foques\/\">L&#8217;Illa de les Foques.<\/a><\/blockquote><iframe sandbox=\"allow-scripts\" security=\"restricted\" src=\"https:\/\/www.ibbycat.cat\/es\/llibre\/lilla-de-les-foques\/embed\/#?secret=Q90LGWSvwl\" width=\"600\" height=\"338\" title=\"\u00abL&#8217;Illa de les Foques.\u00bb \u2014 Ibbycat\" data-secret=\"Q90LGWSvwl\" frameborder=\"0\" marginwidth=\"0\" marginheight=\"0\" scrolling=\"no\" class=\"wp-embedded-content\"><\/iframe><script>\n\/*! This file is auto-generated *\/\n!function(d,l){\"use strict\";l.querySelector&&d.addEventListener&&\"undefined\"!=typeof URL&&(d.wp=d.wp||{},d.wp.receiveEmbedMessage||(d.wp.receiveEmbedMessage=function(e){var t=e.data;if((t||t.secret||t.message||t.value)&&!\/[^a-zA-Z0-9]\/.test(t.secret)){for(var s,r,n,a=l.querySelectorAll('iframe[data-secret=\"'+t.secret+'\"]'),o=l.querySelectorAll('blockquote[data-secret=\"'+t.secret+'\"]'),c=new RegExp(\"^https?:$\",\"i\"),i=0;i<o.length;i++)o[i].style.display=\"none\";for(i=0;i<a.length;i++)s=a[i],e.source===s.contentWindow&&(s.removeAttribute(\"style\"),\"height\"===t.message?(1e3<(r=parseInt(t.value,10))?r=1e3:~~r<200&&(r=200),s.height=r):\"link\"===t.message&&(r=new URL(s.getAttribute(\"src\")),n=new URL(t.value),c.test(n.protocol))&&n.host===r.host&&l.activeElement===s&&(d.top.location.href=t.value))}},d.addEventListener(\"message\",d.wp.receiveEmbedMessage,!1),l.addEventListener(\"DOMContentLoaded\",function(){for(var e,t,s=l.querySelectorAll(\"iframe.wp-embedded-content\"),r=0;r<s.length;r++)(t=(e=s[r]).getAttribute(\"data-secret\"))||(t=Math.random().toString(36).substring(2,12),e.src+=\"#?secret=\"+t,e.setAttribute(\"data-secret\",t)),e.contentWindow.postMessage({message:\"ready\",secret:t},\"*\")},!1)))}(window,document);\n\/\/# sourceURL=https:\/\/www.ibbycat.cat\/wp-includes\/js\/wp-embed.min.js\n<\/script>\n","thumbnail_url":"https:\/\/www.ibbycat.cat\/wp-content\/uploads\/84-7660-757-1.jpg","thumbnail_width":140,"thumbnail_height":140,"description":"Tot i que Lluci\u00e0 Vall\u00e9s mostra dots de bon narrador en la seva primera obra, amb un llenguatge \u00e0gil i a estones po\u00e8tic, L\u2019Illa de les Foques \u00e9s una novel\u00b7la que no aporta cap alenada d\u2019aire fresc al panorama literari del pa\u00eds. Narra el viatge d\u2019un nen a la recerca de les sirenes que habiten en la seva fantasia i l\u2019illa que d\u00f3na nom al llibre. Al poble, ja ning\u00fa no creu en les sirenes, tan sols el jove protagonista i un vell considerat boig per la resta de parroquians. \u00c9s tamb\u00e9 un viatge per diferents t\u00f2pics de la novel\u00b7la de caire fant\u00e0stic, entre els quals destaca aquell que assegura que qui creu en alguna cosa l\u2019acaba veient i trobant. A estones, \u00e9s un viatge amb for\u00e7a acci\u00f3, per\u00f2 a estones excessivament f\u00e0cil, bonic i poc original. I encara que, en aquesta franja, les il\u00b7lustracions tenen un paper merament decoratiu, les que acompanyen L\u2019Illa de les Foques es mostren planes, kitsch i repetitives, cosa que no ajuda gens a real\u00e7ar i fer atractiva la hist\u00f2ria. VALL\u00c9S, Lluci\u00e0. David Enebral. Bromera."}