{"version":"1.0","provider_name":"Ibbycat","provider_url":"https:\/\/www.ibbycat.cat\/es\/","author_name":"ibbycat","author_url":"https:\/\/www.ibbycat.cat\/es\/author\/ibbycat\/","title":"L'ocell de les mentides - Ibbycat","type":"rich","width":600,"height":338,"html":"<blockquote class=\"wp-embedded-content\" data-secret=\"m9Yxx0uNru\"><a href=\"https:\/\/www.ibbycat.cat\/es\/llibre\/locell-de-les-mentides\/\">L&#8217;ocell de les mentides<\/a><\/blockquote><iframe sandbox=\"allow-scripts\" security=\"restricted\" src=\"https:\/\/www.ibbycat.cat\/es\/llibre\/locell-de-les-mentides\/embed\/#?secret=m9Yxx0uNru\" width=\"600\" height=\"338\" title=\"\u00abL&#8217;ocell de les mentides\u00bb \u2014 Ibbycat\" data-secret=\"m9Yxx0uNru\" frameborder=\"0\" marginwidth=\"0\" marginheight=\"0\" scrolling=\"no\" class=\"wp-embedded-content\"><\/iframe><script>\n\/*! This file is auto-generated *\/\n!function(d,l){\"use strict\";l.querySelector&&d.addEventListener&&\"undefined\"!=typeof URL&&(d.wp=d.wp||{},d.wp.receiveEmbedMessage||(d.wp.receiveEmbedMessage=function(e){var t=e.data;if((t||t.secret||t.message||t.value)&&!\/[^a-zA-Z0-9]\/.test(t.secret)){for(var s,r,n,a=l.querySelectorAll('iframe[data-secret=\"'+t.secret+'\"]'),o=l.querySelectorAll('blockquote[data-secret=\"'+t.secret+'\"]'),c=new RegExp(\"^https?:$\",\"i\"),i=0;i<o.length;i++)o[i].style.display=\"none\";for(i=0;i<a.length;i++)s=a[i],e.source===s.contentWindow&&(s.removeAttribute(\"style\"),\"height\"===t.message?(1e3<(r=parseInt(t.value,10))?r=1e3:~~r<200&&(r=200),s.height=r):\"link\"===t.message&&(r=new URL(s.getAttribute(\"src\")),n=new URL(t.value),c.test(n.protocol))&&n.host===r.host&&l.activeElement===s&&(d.top.location.href=t.value))}},d.addEventListener(\"message\",d.wp.receiveEmbedMessage,!1),l.addEventListener(\"DOMContentLoaded\",function(){for(var e,t,s=l.querySelectorAll(\"iframe.wp-embedded-content\"),r=0;r<s.length;r++)(t=(e=s[r]).getAttribute(\"data-secret\"))||(t=Math.random().toString(36).substring(2,12),e.src+=\"#?secret=\"+t,e.setAttribute(\"data-secret\",t)),e.contentWindow.postMessage({message:\"ready\",secret:t},\"*\")},!1)))}(window,document);\n\/\/# sourceURL=https:\/\/www.ibbycat.cat\/wp-includes\/js\/wp-embed.min.js\n<\/script>\n","thumbnail_url":"https:\/\/www.ibbycat.cat\/wp-content\/uploads\/portada-9788412811872.jpg","thumbnail_width":1477,"thumbnail_height":1516,"description":"En Makambatxa s\u2019avorreix perqu\u00e8 les seves germanes, que el titllen d\u2019entremaliat, no volen jugar amb ell. \u00c9s aix\u00ed com apareix l\u2019ocell de les mentides, un \u00e9sser extraordinari i murri que temptar\u00e0 el petit protagonista a fer malifetes i acusar les seves germanes de les conseq\u00fc\u00e8ncies. Per\u00f2&#8230; com diu la dita: als mentiders se\u2019ls ca\u00e7a al vol! Un relat de tint folkl\u00f2ric escrit i il\u00b7lustrat per un t\u00e0ndem d\u2019artistes sud-africans: l\u2019acad\u00e8mic Msuswa P. Mabena i el premiat dissenyador Dale Blankenaar. El duet funciona a la perfecci\u00f3, recollint la senzillesa m\u00e9s encantadora de l\u2019oralitat i presentant-la amb un estil gr\u00e0fic que traspua originalitat i tradici\u00f3 a la vegada. Blankenaar honra l\u2019expressi\u00f3 art\u00edstica de les amandebele \u2014el poble originari de l\u2019autor\u2014 escollint aspectes representatius de l\u2019art mural tradicional i jugant amb formes geom\u00e8triques que es combinen, s\u2019adhereixen, es confonen, es multipliquen i desapareixen. Damunt les figures en blanc i negre plenes de ratlles, taques i la texturitzaci\u00f3 dels cabells que sembla simular la t\u00e8cnica de l\u2019estampaci\u00f3, en destaca la claror dels colors de l\u2019ocell de les mentides \u2014groc, verd i rosa\u2014, que s\u2019utilitza per identificar el personatge per\u00f2 tamb\u00e9 per avan\u00e7ar-nos successos i remarcar les malifetes. La representaci\u00f3 de l\u2019au, a trav\u00e9s de formes combinat\u00f2ries que s\u2019amplien fins a cobrar dimensions inesperades i ocupar gran part de la doble p\u00e0gina, \u00e9s suggerent i simb\u00f2lica, tot un encert visual i metaf\u00f2ric que es reafirma en una disposici\u00f3 dels elements molt ben pensada, gaireb\u00e9 po\u00e8tica. Amb tot, sorprenen els requadres negres de text en les planes de fons fosc, que em fan dubtar si es tracta d\u2019un error d\u2019impressi\u00f3 o d\u2019una elecci\u00f3 conscient, per\u00f2 que, a parer meu, embruten un xic una experi\u00e8ncia visual que, per la resta, \u00e9s impecable. L\u2019editorial afegeix al final un text clar i interessant sobre la naci\u00f3 ndebele del sud, remarcant fets hist\u00f2rics i explicant com, a trav\u00e9s de dibuixos abstractes, les dones del poble amagaven missatges secrets que els seus opressors no podien discernir. Aquesta informaci\u00f3 amplia el significat del projecte i ens recorda que l\u2019art ha estat, \u00e9s i ser\u00e0 una de les eines m\u00e9s potents d\u2019expressi\u00f3, resist\u00e8ncia i identitat. Mabena, Msuswa P. Barrios, Mat\u00edas Adam Blankenaar, Dale Ekar\u00e9"}