{"version":"1.0","provider_name":"Ibbycat","provider_url":"https:\/\/www.ibbycat.cat\/es\/","author_name":"ibbycat","author_url":"https:\/\/www.ibbycat.cat\/es\/author\/ibbycat\/","title":"Mama, fes-me una trena - Ibbycat","type":"rich","width":600,"height":338,"html":"<blockquote class=\"wp-embedded-content\" data-secret=\"wyitTugdny\"><a href=\"https:\/\/www.ibbycat.cat\/es\/llibre\/mama-fes-me-una-trena\/\">Mama, fes-me una trena<\/a><\/blockquote><iframe sandbox=\"allow-scripts\" security=\"restricted\" src=\"https:\/\/www.ibbycat.cat\/es\/llibre\/mama-fes-me-una-trena\/embed\/#?secret=wyitTugdny\" width=\"600\" height=\"338\" title=\"\u00abMama, fes-me una trena\u00bb \u2014 Ibbycat\" data-secret=\"wyitTugdny\" frameborder=\"0\" marginwidth=\"0\" marginheight=\"0\" scrolling=\"no\" class=\"wp-embedded-content\"><\/iframe><script>\n\/*! This file is auto-generated *\/\n!function(d,l){\"use strict\";l.querySelector&&d.addEventListener&&\"undefined\"!=typeof URL&&(d.wp=d.wp||{},d.wp.receiveEmbedMessage||(d.wp.receiveEmbedMessage=function(e){var t=e.data;if((t||t.secret||t.message||t.value)&&!\/[^a-zA-Z0-9]\/.test(t.secret)){for(var s,r,n,a=l.querySelectorAll('iframe[data-secret=\"'+t.secret+'\"]'),o=l.querySelectorAll('blockquote[data-secret=\"'+t.secret+'\"]'),c=new RegExp(\"^https?:$\",\"i\"),i=0;i<o.length;i++)o[i].style.display=\"none\";for(i=0;i<a.length;i++)s=a[i],e.source===s.contentWindow&&(s.removeAttribute(\"style\"),\"height\"===t.message?(1e3<(r=parseInt(t.value,10))?r=1e3:~~r<200&&(r=200),s.height=r):\"link\"===t.message&&(r=new URL(s.getAttribute(\"src\")),n=new URL(t.value),c.test(n.protocol))&&n.host===r.host&&l.activeElement===s&&(d.top.location.href=t.value))}},d.addEventListener(\"message\",d.wp.receiveEmbedMessage,!1),l.addEventListener(\"DOMContentLoaded\",function(){for(var e,t,s=l.querySelectorAll(\"iframe.wp-embedded-content\"),r=0;r<s.length;r++)(t=(e=s[r]).getAttribute(\"data-secret\"))||(t=Math.random().toString(36).substring(2,12),e.src+=\"#?secret=\"+t,e.setAttribute(\"data-secret\",t)),e.contentWindow.postMessage({message:\"ready\",secret:t},\"*\")},!1)))}(window,document);\n\/\/# sourceURL=https:\/\/www.ibbycat.cat\/wp-includes\/js\/wp-embed.min.js\n<\/script>\n","thumbnail_url":"https:\/\/www.ibbycat.cat\/wp-content\/uploads\/portada-9788417137885.jpg","thumbnail_width":2560,"thumbnail_height":2560,"description":"Mama, fes-me una trena \u00e9s un \u00e0lbum sentimental, \u00edntim i molt personal en qu\u00e8 Amandina crea una oda visual i nost\u00e0lgica a la saviesa transmesa de mares a filles. A trav\u00e9s de l\u2019acte de fer una trena, recorrem els consells del llinatge femen\u00ed lligats a la cultura xilena. Les recomanacions maternes s\u00f3n majorit\u00e0riament simb\u00f2liques i enfocades a cultivar la fortalesa vital, tot i que tamb\u00e9 n\u2019hi ha que remeten a orientacions tradicionalment femenines que reconeixerem per haver-les escoltat de nena en boca de les nostres pr\u00f2pies mares i\/o \u00e0vies i que en un primer moment ens preguntarem si encara s\u00f3n vigents (com, per exemple, el suggeriment de dur sempre la roba interior combinada, per si de cas es pateix un accident, que en el context i el to de l\u2019\u00e0lbum deixa entreveure els significats profunds que s\u2019amaguen darrere d\u2019aquesta orientaci\u00f3 que a simple vista pot semblar superficial). Al mig de la narraci\u00f3 hi trobem, amb gran encert, una recepta familiar amb tots els passos a seguir, i el final motiva a agafar el relleu en aquesta xarxa de cura i saviesa. El text, tradu\u00eft per Flor Braier, s\u2019incorpora en maj\u00fascula a les il\u00b7lustracions amb pinzell, interessants en l\u2019elecci\u00f3 de les representacions (el focus circular en objectes com el tamboret de v\u00edmet), l\u2019\u00fas del nervi del llibre com a efecte mirall o en els decorats de fulles, cors i estampats de colors vius que remeten a motius tradicionals. Un llibre que s\u2019inclou dins la tend\u00e8ncia dels \u00e0lbums concebuts des d\u2019una mirada adulta i que semblen demanar ser un regal afectu\u00f3s, en aquest cas entre \u00e0vies, mares i filles joves o ja madures, per\u00f2 que emociona pel grau en qu\u00e8 el duem a la nostra realitat i honra i ens fa pensar en tot all\u00f2 que les dones de la nostra vida ens han ensenyat. Amandina Braier, Flor Amandina Vegueta"}