{"version":"1.0","provider_name":"Ibbycat","provider_url":"https:\/\/www.ibbycat.cat\/es\/","author_name":"ibbycat","author_url":"https:\/\/www.ibbycat.cat\/es\/author\/ibbycat\/","title":"Mel i Mat\u00f3 van al museu; Mel i mat\u00f3 a la cursa - Ibbycat","type":"rich","width":600,"height":338,"html":"<blockquote class=\"wp-embedded-content\" data-secret=\"wC9BxtX8sw\"><a href=\"https:\/\/www.ibbycat.cat\/es\/llibre\/mel-i-mato-van-al-museu\/\">Mel i Mat\u00f3 van al museu; Mel i mat\u00f3 a la cursa<\/a><\/blockquote><iframe sandbox=\"allow-scripts\" security=\"restricted\" src=\"https:\/\/www.ibbycat.cat\/es\/llibre\/mel-i-mato-van-al-museu\/embed\/#?secret=wC9BxtX8sw\" width=\"600\" height=\"338\" title=\"\u00abMel i Mat\u00f3 van al museu; Mel i mat\u00f3 a la cursa\u00bb \u2014 Ibbycat\" data-secret=\"wC9BxtX8sw\" frameborder=\"0\" marginwidth=\"0\" marginheight=\"0\" scrolling=\"no\" class=\"wp-embedded-content\"><\/iframe><script>\n\/*! This file is auto-generated *\/\n!function(d,l){\"use strict\";l.querySelector&&d.addEventListener&&\"undefined\"!=typeof URL&&(d.wp=d.wp||{},d.wp.receiveEmbedMessage||(d.wp.receiveEmbedMessage=function(e){var t=e.data;if((t||t.secret||t.message||t.value)&&!\/[^a-zA-Z0-9]\/.test(t.secret)){for(var s,r,n,a=l.querySelectorAll('iframe[data-secret=\"'+t.secret+'\"]'),o=l.querySelectorAll('blockquote[data-secret=\"'+t.secret+'\"]'),c=new RegExp(\"^https?:$\",\"i\"),i=0;i<o.length;i++)o[i].style.display=\"none\";for(i=0;i<a.length;i++)s=a[i],e.source===s.contentWindow&&(s.removeAttribute(\"style\"),\"height\"===t.message?(1e3<(r=parseInt(t.value,10))?r=1e3:~~r<200&&(r=200),s.height=r):\"link\"===t.message&&(r=new URL(s.getAttribute(\"src\")),n=new URL(t.value),c.test(n.protocol))&&n.host===r.host&&l.activeElement===s&&(d.top.location.href=t.value))}},d.addEventListener(\"message\",d.wp.receiveEmbedMessage,!1),l.addEventListener(\"DOMContentLoaded\",function(){for(var e,t,s=l.querySelectorAll(\"iframe.wp-embedded-content\"),r=0;r<s.length;r++)(t=(e=s[r]).getAttribute(\"data-secret\"))||(t=Math.random().toString(36).substring(2,12),e.src+=\"#?secret=\"+t,e.setAttribute(\"data-secret\",t)),e.contentWindow.postMessage({message:\"ready\",secret:t},\"*\")},!1)))}(window,document);\n\/\/# sourceURL=https:\/\/www.ibbycat.cat\/wp-includes\/js\/wp-embed.min.js\n<\/script>\n","thumbnail_url":"https:\/\/www.ibbycat.cat\/wp-content\/uploads\/portada-9788447953325.jpg","thumbnail_width":1027,"thumbnail_height":1359,"description":"Algun dia alg\u00fa hauria d\u2019estudiar la innegable influ\u00e8ncia dels curtmetratges animats hollywoodians del primer ter\u00e7 del segle XX (tipus \u00c0nec Donald o Tom i Jerry) en l\u2019\u00e0lbum il\u00b7lustrat americ\u00e0 per a lectors novells, dels quals un exemple que ha deixat empremta \u00e9s la s\u00e8rie d\u2019en Gripau i en Gripere, de Lobel (1970). Doncs b\u00e9, seguint aquesta estela s\u2019ha publicat ara una altra s\u00e8rie protagonitzada per un ratol\u00ed i una rateta que en catal\u00e0 han estat encertadament batejats amb els noms de Mel i Mat\u00f3. El seu autor, nord-americ\u00e0 guardonat amb la medalla Caldecott, es mostra h\u00e0bil en el seu tra\u00e7 tan solt i espontani, i en els seus arguments, fruit, segurament, d\u2019una observaci\u00f3 rigorosa de les relacions amistoses i l\u00fadiques dels infants als quals s\u2019adre\u00e7a. S\u00f3n volumets de 21 x 18 cent\u00edmetres, enquadernats en r\u00fastega, d\u2019unes 80 p\u00e0gines d\u2019acci\u00f3 separades adientment per cap\u00edtols, i farcides de di\u00e0legs i de vinyetes m\u00e9s o menys volades, amb alguna il\u00b7lustraci\u00f3 a sang. Tots els t\u00edtols traspuen dinamisme, s\u00f3n tan \u00e0gils com ho hauria de ser la cursa en bicicleta dels protagonistes, i tan plens d\u2019incid\u00e8ncies dissortades feli\u00e7ment superades com les que ocorren al museu. Tot plegat converteix la lectura en un divertiment \u2014m\u00e9s entretingut que transcendent\u2014, tal com ho s\u00f3n els episodis de les s\u00e8ries de dibuixos animats. La traducci\u00f3 \u00e9s molt fluida, aix\u00ed com cal en aquesta mena d\u2019hist\u00f2ries, i nom\u00e9s lamentem que, potser per culpa de les presses o de no observar prou b\u00e9 els dibuixos, algun dels personatges secundaris de la s\u00e8rie no mantingui el mateix nom en un volum que en l\u2019altre, com \u00e9s el cas del porc rondinaire, que en l\u2019aventura del museu\u00a0 (a parer nostre, la m\u00e9s fluixa de totes) \u00e9s anomenat Larry, i en l\u2019aventura de la cursa es diu Jeroni. Cordell, Matthew Salvad\u00f3 Morral, Marta Cordell, Matthew Baula"}