{"version":"1.0","provider_name":"Ibbycat","provider_url":"https:\/\/www.ibbycat.cat\/es\/","author_name":"Webico","author_url":"https:\/\/www.ibbycat.cat\/es\/author\/webico\/","title":"Pelegr\u00ed dels Mots. Viatge pels meus llibres - Ibbycat","type":"rich","width":600,"height":338,"html":"<blockquote class=\"wp-embedded-content\" data-secret=\"0l5obgS8DX\"><a href=\"https:\/\/www.ibbycat.cat\/es\/llibre\/pelegri-dels-mots-viatge-pels-meus-llibres\/\">Pelegr\u00ed dels Mots. Viatge pels meus llibres<\/a><\/blockquote><iframe sandbox=\"allow-scripts\" security=\"restricted\" src=\"https:\/\/www.ibbycat.cat\/es\/llibre\/pelegri-dels-mots-viatge-pels-meus-llibres\/embed\/#?secret=0l5obgS8DX\" width=\"600\" height=\"338\" title=\"\u00abPelegr\u00ed dels Mots. Viatge pels meus llibres\u00bb \u2014 Ibbycat\" data-secret=\"0l5obgS8DX\" frameborder=\"0\" marginwidth=\"0\" marginheight=\"0\" scrolling=\"no\" class=\"wp-embedded-content\"><\/iframe><script>\n\/*! This file is auto-generated *\/\n!function(d,l){\"use strict\";l.querySelector&&d.addEventListener&&\"undefined\"!=typeof URL&&(d.wp=d.wp||{},d.wp.receiveEmbedMessage||(d.wp.receiveEmbedMessage=function(e){var t=e.data;if((t||t.secret||t.message||t.value)&&!\/[^a-zA-Z0-9]\/.test(t.secret)){for(var s,r,n,a=l.querySelectorAll('iframe[data-secret=\"'+t.secret+'\"]'),o=l.querySelectorAll('blockquote[data-secret=\"'+t.secret+'\"]'),c=new RegExp(\"^https?:$\",\"i\"),i=0;i<o.length;i++)o[i].style.display=\"none\";for(i=0;i<a.length;i++)s=a[i],e.source===s.contentWindow&&(s.removeAttribute(\"style\"),\"height\"===t.message?(1e3<(r=parseInt(t.value,10))?r=1e3:~~r<200&&(r=200),s.height=r):\"link\"===t.message&&(r=new URL(s.getAttribute(\"src\")),n=new URL(t.value),c.test(n.protocol))&&n.host===r.host&&l.activeElement===s&&(d.top.location.href=t.value))}},d.addEventListener(\"message\",d.wp.receiveEmbedMessage,!1),l.addEventListener(\"DOMContentLoaded\",function(){for(var e,t,s=l.querySelectorAll(\"iframe.wp-embedded-content\"),r=0;r<s.length;r++)(t=(e=s[r]).getAttribute(\"data-secret\"))||(t=Math.random().toString(36).substring(2,12),e.src+=\"#?secret=\"+t,e.setAttribute(\"data-secret\",t)),e.contentWindow.postMessage({message:\"ready\",secret:t},\"*\")},!1)))}(window,document);\n\/\/# sourceURL=https:\/\/www.ibbycat.cat\/wp-includes\/js\/wp-embed.min.js\n<\/script>\n","thumbnail_url":"https:\/\/www.ibbycat.cat\/wp-content\/uploads\/978-84-89943-94-0.jpg","thumbnail_width":140,"thumbnail_height":140,"description":"Si alg\u00fa, algun dia, decideix analitzar l\u2019obra de Josep Vallverd\u00fa, un dels autors m\u00e9s complets i \u00abpoli\u00e8drics\u00bb \u2014tal com l\u2019han definit alguns cr\u00edtics\u2014, i amb una de les traject\u00f2ries m\u00e9s s\u00f2lides de la nostra literatura, no li faltaran eines. En la biografia de l\u2019autor, Camins i paraules (Pag\u00e8s, 1998) elaborada per Josep M. Aloy, en l\u2019edici\u00f3 de l\u2019Obra completa \u2014aturada a pocs volums del final\u2014, en l\u2019exhaustiva p\u00e0gina web, i en tantes i tantes publicacions, ara s\u2019hi afegeix aquest periple per tota la seva obra, elaborat de forma retrospectiva, des de l\u2019actualitat fins a les primeres obres, pel mateix autor. Tal com diu ell mateix s\u00f3n unes mem\u00f2ries liter\u00e0ries, una confessi\u00f3 del personatge, un testament fet p\u00fablic, en el qual navega \u00aben funci\u00f3 de com bufin els vents de la mem\u00f2ria\u00bb, amb tota llibertat, descrivint amb detall la g\u00e8nesi i el perqu\u00e8 d\u2019algunes obres, i citant-ne nom\u00e9s algun detall en d\u2019altres. Un llibre clau per con\u00e8ixer m\u00e9s a fons el pensament de Josep Vallverd\u00fa, per descobrir els engranatges que originaren les obres, per convidar-nos a tastar altres obres de l\u2019autor i a retornar, amb m\u00e9s coneixement de causa, a les ja conegudes. VALLVERD\u00da, Josep.  Institut d\u2019Estudis Il\u00b7lerdencs"}