{"version":"1.0","provider_name":"Ibbycat","provider_url":"https:\/\/www.ibbycat.cat\/es\/","author_name":"Webico","author_url":"https:\/\/www.ibbycat.cat\/es\/author\/webico\/","title":"Pel\u00b7l\u00edcula verge (Contes perversos) - Ibbycat","type":"rich","width":600,"height":338,"html":"<blockquote class=\"wp-embedded-content\" data-secret=\"Om9GHMMmp6\"><a href=\"https:\/\/www.ibbycat.cat\/es\/llibre\/pellicula-verge-contes-perversos\/\">Pel\u00b7l\u00edcula verge (Contes perversos)<\/a><\/blockquote><iframe sandbox=\"allow-scripts\" security=\"restricted\" src=\"https:\/\/www.ibbycat.cat\/es\/llibre\/pellicula-verge-contes-perversos\/embed\/#?secret=Om9GHMMmp6\" width=\"600\" height=\"338\" title=\"\u00abPel\u00b7l\u00edcula verge (Contes perversos)\u00bb \u2014 Ibbycat\" data-secret=\"Om9GHMMmp6\" frameborder=\"0\" marginwidth=\"0\" marginheight=\"0\" scrolling=\"no\" class=\"wp-embedded-content\"><\/iframe><script>\n\/*! This file is auto-generated *\/\n!function(d,l){\"use strict\";l.querySelector&&d.addEventListener&&\"undefined\"!=typeof URL&&(d.wp=d.wp||{},d.wp.receiveEmbedMessage||(d.wp.receiveEmbedMessage=function(e){var t=e.data;if((t||t.secret||t.message||t.value)&&!\/[^a-zA-Z0-9]\/.test(t.secret)){for(var s,r,n,a=l.querySelectorAll('iframe[data-secret=\"'+t.secret+'\"]'),o=l.querySelectorAll('blockquote[data-secret=\"'+t.secret+'\"]'),c=new RegExp(\"^https?:$\",\"i\"),i=0;i<o.length;i++)o[i].style.display=\"none\";for(i=0;i<a.length;i++)s=a[i],e.source===s.contentWindow&&(s.removeAttribute(\"style\"),\"height\"===t.message?(1e3<(r=parseInt(t.value,10))?r=1e3:~~r<200&&(r=200),s.height=r):\"link\"===t.message&&(r=new URL(s.getAttribute(\"src\")),n=new URL(t.value),c.test(n.protocol))&&n.host===r.host&&l.activeElement===s&&(d.top.location.href=t.value))}},d.addEventListener(\"message\",d.wp.receiveEmbedMessage,!1),l.addEventListener(\"DOMContentLoaded\",function(){for(var e,t,s=l.querySelectorAll(\"iframe.wp-embedded-content\"),r=0;r<s.length;r++)(t=(e=s[r]).getAttribute(\"data-secret\"))||(t=Math.random().toString(36).substring(2,12),e.src+=\"#?secret=\"+t,e.setAttribute(\"data-secret\",t)),e.contentWindow.postMessage({message:\"ready\",secret:t},\"*\")},!1)))}(window,document);\n\/\/# sourceURL=https:\/\/www.ibbycat.cat\/wp-includes\/js\/wp-embed.min.js\n<\/script>\n","thumbnail_url":"https:\/\/www.ibbycat.cat\/wp-content\/uploads\/978-84-8452-626-1.jpg","thumbnail_width":140,"thumbnail_height":140,"description":"Aquest recull descriu un seguit de situacions dur\u00edssimes, que abasten des de l\u2019explotaci\u00f3 laboral infantil a la lapidaci\u00f3 legal, passant per la desforestaci\u00f3 de la selva i moltes d\u2019altres. La intenci\u00f3 \u00e9s oferir un panorama gens amable de l\u2019actualitat d\u2019arreu del m\u00f3n, potser per estimular la reflexi\u00f3 i la voluntat de canvi per part dels joves. Tot i aix\u00f2, l\u2019esquematisme d\u2019alguns relats, la for\u00e7osa dispersi\u00f3 geogr\u00e0fica i, sobretot, la m\u00e9s que probable falta de bagatge cultural dels eventuals destinataris en dificultaran sensiblement la lectura. Qualsevol d\u2019aquestes \u00abfotos\u00bb cruels, descoratjadores, reals, donaria per a un relat de m\u00e9s fond\u00e0ria en qu\u00e8 el desenvolupament permetria assolir la reflexi\u00f3, i tal vegada el canvi, que aquest m\u00f3n pervers necessita. SIERRA i FABRA, Jordi. Jordi Vidal Interm\u00f3n-Oxfam"}