{"version":"1.0","provider_name":"Ibbycat","provider_url":"https:\/\/www.ibbycat.cat\/es\/","author_name":"Webico","author_url":"https:\/\/www.ibbycat.cat\/es\/author\/webico\/","title":"Quatre setmanes al Rif - Ibbycat","type":"rich","width":600,"height":338,"html":"<blockquote class=\"wp-embedded-content\" data-secret=\"1CYbUGE7o6\"><a href=\"https:\/\/www.ibbycat.cat\/es\/llibre\/quatre-setmanes-al-rif\/\">Quatre setmanes al Rif<\/a><\/blockquote><iframe sandbox=\"allow-scripts\" security=\"restricted\" src=\"https:\/\/www.ibbycat.cat\/es\/llibre\/quatre-setmanes-al-rif\/embed\/#?secret=1CYbUGE7o6\" width=\"600\" height=\"338\" title=\"\u00abQuatre setmanes al Rif\u00bb \u2014 Ibbycat\" data-secret=\"1CYbUGE7o6\" frameborder=\"0\" marginwidth=\"0\" marginheight=\"0\" scrolling=\"no\" class=\"wp-embedded-content\"><\/iframe><script>\n\/*! This file is auto-generated *\/\n!function(d,l){\"use strict\";l.querySelector&&d.addEventListener&&\"undefined\"!=typeof URL&&(d.wp=d.wp||{},d.wp.receiveEmbedMessage||(d.wp.receiveEmbedMessage=function(e){var t=e.data;if((t||t.secret||t.message||t.value)&&!\/[^a-zA-Z0-9]\/.test(t.secret)){for(var s,r,n,a=l.querySelectorAll('iframe[data-secret=\"'+t.secret+'\"]'),o=l.querySelectorAll('blockquote[data-secret=\"'+t.secret+'\"]'),c=new RegExp(\"^https?:$\",\"i\"),i=0;i<o.length;i++)o[i].style.display=\"none\";for(i=0;i<a.length;i++)s=a[i],e.source===s.contentWindow&&(s.removeAttribute(\"style\"),\"height\"===t.message?(1e3<(r=parseInt(t.value,10))?r=1e3:~~r<200&&(r=200),s.height=r):\"link\"===t.message&&(r=new URL(s.getAttribute(\"src\")),n=new URL(t.value),c.test(n.protocol))&&n.host===r.host&&l.activeElement===s&&(d.top.location.href=t.value))}},d.addEventListener(\"message\",d.wp.receiveEmbedMessage,!1),l.addEventListener(\"DOMContentLoaded\",function(){for(var e,t,s=l.querySelectorAll(\"iframe.wp-embedded-content\"),r=0;r<s.length;r++)(t=(e=s[r]).getAttribute(\"data-secret\"))||(t=Math.random().toString(36).substring(2,12),e.src+=\"#?secret=\"+t,e.setAttribute(\"data-secret\",t)),e.contentWindow.postMessage({message:\"ready\",secret:t},\"*\")},!1)))}(window,document);\n\/\/# sourceURL=https:\/\/www.ibbycat.cat\/wp-includes\/js\/wp-embed.min.js\n<\/script>\n","thumbnail_url":"https:\/\/www.ibbycat.cat\/wp-content\/uploads\/978-84-661-2010-4.jpg","thumbnail_width":140,"thumbnail_height":140,"description":"Lorman recupera dos dels seus personatges centrals de L\u2019aventura de Sa\u00efd (1995), per fer-los viure una nova aventura. Anna viatja a la regi\u00f3 del Rif, al Mar-roc, per gravar un documental sobre un l\u00edder rifeny i el sentiment nacional que es viu en el territori. L\u2019autor ha volgut fer una obra reflexiva, de manera que tot i que l\u2019equip que grava el documental pateix accidents, desaparicions, segrests, etc., no es tradueixen mai en escenes trepidants ni en una acceleraci\u00f3 del ritme narratiu. Lorman nom\u00e9s se\u2019n serveix per fer opinar un ventall divers de personatges: catalans que comparteixen el sentiment nacionalista dels rifenys, catalans d\u2019idees xen\u00f2fobes, marroquins enriquits gr\u00e0cies al contraban, petits plantadors d\u2019haixix, joves que van fracassar en la seva aventura europea, com Sa\u00efd, i que han tornat al Marroc, etc. Un llibre doncs interessant, que mostra la infinitat de punts de vista dels conflictes per ajudar-nos a crear una opini\u00f3 pr\u00f2pia. LORMAN, Josep  Cru\u00eflla"}