{"version":"1.0","provider_name":"Ibbycat","provider_url":"https:\/\/www.ibbycat.cat\/es\/","author_name":"Webico","author_url":"https:\/\/www.ibbycat.cat\/es\/author\/webico\/","title":"Refugiada: l'odissea d'una fam\u00edlia - Ibbycat","type":"rich","width":600,"height":338,"html":"<blockquote class=\"wp-embedded-content\" data-secret=\"vXVX5r0RpT\"><a href=\"https:\/\/www.ibbycat.cat\/es\/llibre\/refugiada-lodissea-duna-familia\/\">Refugiada: l&#8217;odissea d&#8217;una fam\u00edlia<\/a><\/blockquote><iframe sandbox=\"allow-scripts\" security=\"restricted\" src=\"https:\/\/www.ibbycat.cat\/es\/llibre\/refugiada-lodissea-duna-familia\/embed\/#?secret=vXVX5r0RpT\" width=\"600\" height=\"338\" title=\"\u00abRefugiada: l&#8217;odissea d&#8217;una fam\u00edlia\u00bb \u2014 Ibbycat\" data-secret=\"vXVX5r0RpT\" frameborder=\"0\" marginwidth=\"0\" marginheight=\"0\" scrolling=\"no\" class=\"wp-embedded-content\"><\/iframe><script>\n\/*! This file is auto-generated *\/\n!function(d,l){\"use strict\";l.querySelector&&d.addEventListener&&\"undefined\"!=typeof URL&&(d.wp=d.wp||{},d.wp.receiveEmbedMessage||(d.wp.receiveEmbedMessage=function(e){var t=e.data;if((t||t.secret||t.message||t.value)&&!\/[^a-zA-Z0-9]\/.test(t.secret)){for(var s,r,n,a=l.querySelectorAll('iframe[data-secret=\"'+t.secret+'\"]'),o=l.querySelectorAll('blockquote[data-secret=\"'+t.secret+'\"]'),c=new RegExp(\"^https?:$\",\"i\"),i=0;i<o.length;i++)o[i].style.display=\"none\";for(i=0;i<a.length;i++)s=a[i],e.source===s.contentWindow&&(s.removeAttribute(\"style\"),\"height\"===t.message?(1e3<(r=parseInt(t.value,10))?r=1e3:~~r<200&&(r=200),s.height=r):\"link\"===t.message&&(r=new URL(s.getAttribute(\"src\")),n=new URL(t.value),c.test(n.protocol))&&n.host===r.host&&l.activeElement===s&&(d.top.location.href=t.value))}},d.addEventListener(\"message\",d.wp.receiveEmbedMessage,!1),l.addEventListener(\"DOMContentLoaded\",function(){for(var e,t,s=l.querySelectorAll(\"iframe.wp-embedded-content\"),r=0;r<s.length;r++)(t=(e=s[r]).getAttribute(\"data-secret\"))||(t=Math.random().toString(36).substring(2,12),e.src+=\"#?secret=\"+t,e.setAttribute(\"data-secret\",t)),e.contentWindow.postMessage({message:\"ready\",secret:t},\"*\")},!1)))}(window,document);\n\/\/# sourceURL=https:\/\/www.ibbycat.cat\/wp-includes\/js\/wp-embed.min.js\n<\/script>\n","thumbnail_url":"https:\/\/www.ibbycat.cat\/wp-content\/uploads\/978-84-246-6047-5.jpg","thumbnail_width":563,"thumbnail_height":800,"description":"Amb el t\u00edtol, el subt\u00edtol i les guardes, el lector sap clarament el que narra aquest \u00e0lbum il\u00b7lustrat i cap a quin objectiu es dirigeix. Gaireb\u00e9 sense paraules, es planteja la hist\u00f2ria d&#8217;una nena i la seva fam\u00edlia, que es veuen abocats a abandonar la seva vida quotidiana i feli\u00e7 i a fugir cap a un dest\u00ed incert. Al llibre, els personatges s\u00f3n com ombres dins d&#8217;una boira fosca, i tot \u00e9s mirat i narrat des dels ulls foscos de la nena. \u00c9s una mirada que no ent\u00e9n res del que li passa, per\u00f2 que tot i aix\u00f2 actua com a infant que \u00e9s. La il\u00b7lustradora alterna les imatges a p\u00e0gina sencera o doble p\u00e0gina amb vinyetes. La narraci\u00f3 a trav\u00e9s de les imatges \u00e9s excel\u00b7lent. Expliquen una realitat dur\u00edssima, i amb les tonalitats de l&#8217;\u00fanic color que s&#8217;utilitza, el blau mar\u00ed d&#8217;una boira que ho cobreix tot, es fa excessivament real, contundent i palpable, com podem arribar imaginar que deu ser\u00a0\u2013o no, potser \u00e9s dif\u00edcil d&#8217;imaginar. Gaireb\u00e9 no hi ha claror ni brins d&#8217;esperan\u00e7a en el llibre. Nom\u00e9s en trobem una mica al final del t\u00fanel per on deambulen els personatges. Al meu parer, i des del punt de vista literari, l&#8217;exemplar em sembla molt destacable, per\u00f2 peca d&#8217;exc\u00e9s de realisme. La cruesa de la realitat devora la literatura. Aconsegueix, per\u00f2, el que hauria d&#8217;aconseguir tota obra: colpir el lector. &nbsp; &nbsp; JULI\u00c0 DINAR\u00c8S, Tessa Anna Gordillo La Galera"}