{"version":"1.0","provider_name":"Ibbycat","provider_url":"https:\/\/www.ibbycat.cat\/es\/","author_name":"ibbycat","author_url":"https:\/\/www.ibbycat.cat\/es\/author\/ibbycat\/","title":"Ricard Vi\u00f1es - Ibbycat","type":"rich","width":600,"height":338,"html":"<blockquote class=\"wp-embedded-content\" data-secret=\"dPJXPhwhpb\"><a href=\"https:\/\/www.ibbycat.cat\/es\/llibre\/ricard-vines\/\">Ricard Vi\u00f1es<\/a><\/blockquote><iframe sandbox=\"allow-scripts\" security=\"restricted\" src=\"https:\/\/www.ibbycat.cat\/es\/llibre\/ricard-vines\/embed\/#?secret=dPJXPhwhpb\" width=\"600\" height=\"338\" title=\"\u00abRicard Vi\u00f1es\u00bb \u2014 Ibbycat\" data-secret=\"dPJXPhwhpb\" frameborder=\"0\" marginwidth=\"0\" marginheight=\"0\" scrolling=\"no\" class=\"wp-embedded-content\"><\/iframe><script>\n\/*! This file is auto-generated *\/\n!function(d,l){\"use strict\";l.querySelector&&d.addEventListener&&\"undefined\"!=typeof URL&&(d.wp=d.wp||{},d.wp.receiveEmbedMessage||(d.wp.receiveEmbedMessage=function(e){var t=e.data;if((t||t.secret||t.message||t.value)&&!\/[^a-zA-Z0-9]\/.test(t.secret)){for(var s,r,n,a=l.querySelectorAll('iframe[data-secret=\"'+t.secret+'\"]'),o=l.querySelectorAll('blockquote[data-secret=\"'+t.secret+'\"]'),c=new RegExp(\"^https?:$\",\"i\"),i=0;i<o.length;i++)o[i].style.display=\"none\";for(i=0;i<a.length;i++)s=a[i],e.source===s.contentWindow&&(s.removeAttribute(\"style\"),\"height\"===t.message?(1e3<(r=parseInt(t.value,10))?r=1e3:~~r<200&&(r=200),s.height=r):\"link\"===t.message&&(r=new URL(s.getAttribute(\"src\")),n=new URL(t.value),c.test(n.protocol))&&n.host===r.host&&l.activeElement===s&&(d.top.location.href=t.value))}},d.addEventListener(\"message\",d.wp.receiveEmbedMessage,!1),l.addEventListener(\"DOMContentLoaded\",function(){for(var e,t,s=l.querySelectorAll(\"iframe.wp-embedded-content\"),r=0;r<s.length;r++)(t=(e=s[r]).getAttribute(\"data-secret\"))||(t=Math.random().toString(36).substring(2,12),e.src+=\"#?secret=\"+t,e.setAttribute(\"data-secret\",t)),e.contentWindow.postMessage({message:\"ready\",secret:t},\"*\")},!1)))}(window,document);\n\/\/# sourceURL=https:\/\/www.ibbycat.cat\/wp-includes\/js\/wp-embed.min.js\n<\/script>\n","thumbnail_url":"https:\/\/www.ibbycat.cat\/wp-content\/uploads\/portada-9788413036472.jpg","thumbnail_width":1770,"thumbnail_height":2489,"description":"Als prestatges de les llibreries i biblioteques infantils i juvenils de Catalunya hi ha poques biografies, i encara menys que ho siguin d\u2019una personalitat nascuda aqu\u00ed. Per aix\u00f2 \u00e9s d\u2019agrair que se n\u2019hagi editat una dedicada a un dels pianistes m\u00e9s celebrats del pa\u00eds. Es tracta de Ricard Vi\u00f1es i n\u2019ha fet el retrat biogr\u00e0fic Jordi Folck, amb aquell estil narratiu \u00e0gil i brillant que el caracteritza. Les il\u00b7lustracions, especialment les que fan de portadella de cadascuna de les tres parts del llibre, s\u00f3n especialment acurades i suggestives, realitzades amb una t\u00e8cnica digital mixta que posa en valor tant l\u2019\u00e8poca com el personatge. La biografia s\u2019inicia quan el m\u00fasic encara era a la panxa de la seva mare, en un cap\u00edtol molt tendre que provoca que l\u2019inter\u00e8s dels lectors es desvetlli , pensant qui ser\u00e0 i qu\u00e8 ser\u00e0 el nonat. Es descabdella despr\u00e9s la descripci\u00f3 de seva infantesa, amb la recerca de bons mestres que puguin instruir-lo en la t\u00e8cnica pian\u00edstica, tots ells admirats per la facilitat que t\u00e9 el noiet a l\u2019hora de teclejar, tant a la primera part, que transcorre a Lleida, com a la segona, que ho fa a Barcelona, com a la tercera, quan s\u2019instal\u00b7la a Par\u00eds i comen\u00e7a, de fet, la seva traject\u00f2ria professional i internacional. Aquesta tercera part de la biografia, potser t\u00e9 un to una mica massa accelerato cantabile, perqu\u00e8 tot hi passa de pressa i sembla com si tot el que feia o emprenia Vi\u00f1es fossin flors i violes, deixant de banda el fet que molts dels grans noms culturals citats de la primera meitat del segle passat (Ravel, Colette, Maillol, Satie&#8230;) poden ser for\u00e7a desconeguts per als lectors als quals s\u2019adre\u00e7a l\u2019autor. Tot i aix\u00ed, el llibre mereix, si m\u00e9s no, un oh l\u00e0 l\u00e0! Folck, Jordi Barco, Juanjo; Alins, S\u00f2nia Pag\u00e8s"}