{"version":"1.0","provider_name":"Ibbycat","provider_url":"https:\/\/www.ibbycat.cat\/es\/","author_name":"ibbycat","author_url":"https:\/\/www.ibbycat.cat\/es\/author\/ibbycat\/","title":"Temps de collita. Un any a l'hort - Ibbycat","type":"rich","width":600,"height":338,"html":"<blockquote class=\"wp-embedded-content\" data-secret=\"9FNMsTAZCO\"><a href=\"https:\/\/www.ibbycat.cat\/es\/llibre\/temps-de-collita-un-any-a-lhort\/\">Temps de collita. Un any a l&#8217;hort<\/a><\/blockquote><iframe sandbox=\"allow-scripts\" security=\"restricted\" src=\"https:\/\/www.ibbycat.cat\/es\/llibre\/temps-de-collita-un-any-a-lhort\/embed\/#?secret=9FNMsTAZCO\" width=\"600\" height=\"338\" title=\"\u00abTemps de collita. Un any a l&#8217;hort\u00bb \u2014 Ibbycat\" data-secret=\"9FNMsTAZCO\" frameborder=\"0\" marginwidth=\"0\" marginheight=\"0\" scrolling=\"no\" class=\"wp-embedded-content\"><\/iframe><script>\n\/*! This file is auto-generated *\/\n!function(d,l){\"use strict\";l.querySelector&&d.addEventListener&&\"undefined\"!=typeof URL&&(d.wp=d.wp||{},d.wp.receiveEmbedMessage||(d.wp.receiveEmbedMessage=function(e){var t=e.data;if((t||t.secret||t.message||t.value)&&!\/[^a-zA-Z0-9]\/.test(t.secret)){for(var s,r,n,a=l.querySelectorAll('iframe[data-secret=\"'+t.secret+'\"]'),o=l.querySelectorAll('blockquote[data-secret=\"'+t.secret+'\"]'),c=new RegExp(\"^https?:$\",\"i\"),i=0;i<o.length;i++)o[i].style.display=\"none\";for(i=0;i<a.length;i++)s=a[i],e.source===s.contentWindow&&(s.removeAttribute(\"style\"),\"height\"===t.message?(1e3<(r=parseInt(t.value,10))?r=1e3:~~r<200&&(r=200),s.height=r):\"link\"===t.message&&(r=new URL(s.getAttribute(\"src\")),n=new URL(t.value),c.test(n.protocol))&&n.host===r.host&&l.activeElement===s&&(d.top.location.href=t.value))}},d.addEventListener(\"message\",d.wp.receiveEmbedMessage,!1),l.addEventListener(\"DOMContentLoaded\",function(){for(var e,t,s=l.querySelectorAll(\"iframe.wp-embedded-content\"),r=0;r<s.length;r++)(t=(e=s[r]).getAttribute(\"data-secret\"))||(t=Math.random().toString(36).substring(2,12),e.src+=\"#?secret=\"+t,e.setAttribute(\"data-secret\",t)),e.contentWindow.postMessage({message:\"ready\",secret:t},\"*\")},!1)))}(window,document);\n\/\/# sourceURL=https:\/\/www.ibbycat.cat\/wp-includes\/js\/wp-embed.min.js\n<\/script>\n","thumbnail_url":"https:\/\/www.ibbycat.cat\/wp-content\/uploads\/portada-9788411581493.jpg","thumbnail_width":1500,"thumbnail_height":1463,"description":"Temps de collita: un any a l\u2019hort \u00e9s un llibre informatiu sobre el treball a l&#8217;hort al llarg de l\u2019any. El text comen\u00e7a immediatament despr\u00e9s de les guardes i prescindeix d\u2019\u00edndex, tot i que l\u2019estructura \u00e9s prou clara per navegar-hi sense problemes. Despr\u00e9s d\u2019una breu presentaci\u00f3 i una introducci\u00f3 on s\u2019inclouen els estris agr\u00edcoles m\u00e9s rellevants, el text es divideix en quatre parts, una per cada estaci\u00f3, que s\u2019obren amb un refrany popular relacionat. En cadascuna s\u2019expliciten els vegetals i les fruites de temporada i les tasques que s\u2019han de dur a terme segons les necessitats variables de la terra, i en acabar trobem una doble p\u00e0gina de curiositats. La informaci\u00f3 s\u2019estructura amb par\u00e0grafs breus pensats per a aquelles fam\u00edlies o escoles que disposin d\u2019un hort i hi estiguin m\u00ednimament familiaritzats. Marta Vilar Recasens, del Programa Escoles + Sostenibles, s\u2019encarrega de la redacci\u00f3. L\u2019obra destaca, sobretot, pel treball visual de V\u00edctor Visa, il\u00b7lustrador valenci\u00e0 amb una carrera consolidada que utilitza una mescla de t\u00e8cniques vistosa, de formes ondulants i jocs de fons i forma. Els plans generals de l\u2019hort que acompanyen cada part s\u00f3n un esclat de color i denoten l\u2019inter\u00e8s de l\u2019artista per la multitud i la profusi\u00f3 d\u2019elements. El calendari d&#8217;aliments incl\u00f2s en acabar la lectura resulta \u00fatil, clar i \u00e9s senzill d&#8217;utilitzar. Tanmateix, el llibre presenta alguns problemes: s\u2019anima els lectors a dur a terme propostes manuals, per\u00f2 no s\u2019explica com fer-les (a excepci\u00f3 de la recepta per a la melmelada). Un exemple el trobem quan, a la p\u00e0gina 15, se\u2019ns insta a preparar un remei d\u2019herba de Sant Joan, per\u00f2 no se\u2019ns detalla com fer-ho, o quan m\u00e9s endavant s\u2019explica que podem recol\u00b7lectar les llavors d\u2019alguns fruits sense dir-nos com s\u2019han d\u2019assecar. Incl\u00fas en casos com el de trasplantar o fer compost, on trobem m\u00e9s acotat el proc\u00e9s, caldria ser m\u00e9s concrets i no donar per fet que els infants coneixen l\u2019argot espec\u00edfic. D\u2019altra banda, d\u2019un segell tan s\u00f2lid com Combel en podr\u00edem esperar un disseny editorial m\u00e9s cuidat: les l\u00ednies de paginaci\u00f3 superior donen un caire escolar a la publicaci\u00f3, i la tipografia escollida, de color negre o gris, resulta dura i pesada visualment. Alguns par\u00e0grafs de la p\u00e0gina esquerra queden massa enganxats al nervi del llibre, cosa que dificulta la lectura. Tot plegat fa que sigui un t\u00edtol que podem tenir en compte en una biblioteca d&#8217;aula, per\u00f2 que no destaca davant d&#8217;un mercat de llibres de coneixements cada vegada m\u00e9s ambici\u00f3s i competent. Vilar, Marta Visa, V\u00edctor Combel"}