{"version":"1.0","provider_name":"Ibbycat","provider_url":"https:\/\/www.ibbycat.cat\/es\/","author_name":"Webico","author_url":"https:\/\/www.ibbycat.cat\/es\/author\/webico\/","title":"Whapps. Mira'm als ulls - Ibbycat","type":"rich","width":600,"height":338,"html":"<blockquote class=\"wp-embedded-content\" data-secret=\"IILbNVJCaQ\"><a href=\"https:\/\/www.ibbycat.cat\/es\/llibre\/whapps-miram-als-ulls\/\">Whapps. Mira&#8217;m als ulls<\/a><\/blockquote><iframe sandbox=\"allow-scripts\" security=\"restricted\" src=\"https:\/\/www.ibbycat.cat\/es\/llibre\/whapps-miram-als-ulls\/embed\/#?secret=IILbNVJCaQ\" width=\"600\" height=\"338\" title=\"\u00abWhapps. Mira&#8217;m als ulls\u00bb \u2014 Ibbycat\" data-secret=\"IILbNVJCaQ\" frameborder=\"0\" marginwidth=\"0\" marginheight=\"0\" scrolling=\"no\" class=\"wp-embedded-content\"><\/iframe><script>\n\/*! This file is auto-generated *\/\n!function(d,l){\"use strict\";l.querySelector&&d.addEventListener&&\"undefined\"!=typeof URL&&(d.wp=d.wp||{},d.wp.receiveEmbedMessage||(d.wp.receiveEmbedMessage=function(e){var t=e.data;if((t||t.secret||t.message||t.value)&&!\/[^a-zA-Z0-9]\/.test(t.secret)){for(var s,r,n,a=l.querySelectorAll('iframe[data-secret=\"'+t.secret+'\"]'),o=l.querySelectorAll('blockquote[data-secret=\"'+t.secret+'\"]'),c=new RegExp(\"^https?:$\",\"i\"),i=0;i<o.length;i++)o[i].style.display=\"none\";for(i=0;i<a.length;i++)s=a[i],e.source===s.contentWindow&&(s.removeAttribute(\"style\"),\"height\"===t.message?(1e3<(r=parseInt(t.value,10))?r=1e3:~~r<200&&(r=200),s.height=r):\"link\"===t.message&&(r=new URL(s.getAttribute(\"src\")),n=new URL(t.value),c.test(n.protocol))&&n.host===r.host&&l.activeElement===s&&(d.top.location.href=t.value))}},d.addEventListener(\"message\",d.wp.receiveEmbedMessage,!1),l.addEventListener(\"DOMContentLoaded\",function(){for(var e,t,s=l.querySelectorAll(\"iframe.wp-embedded-content\"),r=0;r<s.length;r++)(t=(e=s[r]).getAttribute(\"data-secret\"))||(t=Math.random().toString(36).substring(2,12),e.src+=\"#?secret=\"+t,e.setAttribute(\"data-secret\",t)),e.contentWindow.postMessage({message:\"ready\",secret:t},\"*\")},!1)))}(window,document);\n\/\/# sourceURL=https:\/\/www.ibbycat.cat\/wp-includes\/js\/wp-embed.min.js\n<\/script>\n","thumbnail_url":"https:\/\/www.ibbycat.cat\/wp-content\/uploads\/978-84-683-4535-2.jpg","thumbnail_width":236,"thumbnail_height":392,"description":"En aquesta novel\u00b7la, adre\u00e7ada en principi a un p\u00fablic juvenil, Andreu Mart\u00edn pren com a punt de partida un tema absolutament actual. L&#8217;autor imagina com seria una societat futura dominada per la tecnologia, en qu\u00e8 els joves i els no tan joves estan enganxats a les pantalles. En aquest m\u00f3n, potser no tan allunyat del que ara tenim, tothom viu feli\u00e7 sense haver de pensar en res, ja que la tecnologia proporciona el que tota persona pugui desitjar. Per\u00f2 comencen a sorgir grups que s&#8217;adonen que, en realitat, el govern i les grans empreses del sector de les telecomunicacions utilitzen els m\u00f2bils i la resta de dispositius per controlar la poblaci\u00f3. Una vegada m\u00e9s, Mart\u00edn\u00a0mostra la seva capacitat per acostar-se a un p\u00fablic adolescent a trav\u00e9s d&#8217;una tem\u00e0tica que els toca i d&#8217;un punt de vista interessant i provocador, com \u00e9s dir als joves que estan enganxats als m\u00f2bils i que estan sotmesos a un poder econ\u00f2mic que els controla i que decideix els seus gustos i les seves accions. Per desenvolupar la hist\u00f2ria, Mart\u00edn opta per un thriller, combinant amb encert dos g\u00e8neres que domina a la perfecci\u00f3, el d&#8217;aventures i el polic\u00edac. La trama \u00e9s prou s\u00f2lida i el ritme, trepidant. En canvi, en la construcci\u00f3 dels personatges, l&#8217;autor opta en general per una distinci\u00f3 for\u00e7a simple entre bons i dolents que resta credibilitat al conjunt, especialment en el cas del propietari d&#8217;una gran corporaci\u00f3. Per una altra banda, els joves protagonistes arriben a la conclusi\u00f3 que cal lluitar contra els excessos en l&#8217;\u00fas de les pantalles amb un raonament m\u00e9s propi d&#8217;adults que de joves de la seva edat. Per aix\u00f2 ens queda el dubte de si els lectors a qui s&#8217;adre\u00e7a la novel\u00b7la s&#8217;hi sentiran identificats. MART\u00cdN, Andreu  Edeb\u00e9"}