{"id":7532,"date":"2022-03-29T11:59:52","date_gmt":"2022-03-29T09:59:52","guid":{"rendered":"https:\/\/www.ibbycat.cat\/?page_id=7532"},"modified":"2023-05-11T13:40:43","modified_gmt":"2023-05-11T11:40:43","slug":"historia-y-memorias","status":"publish","type":"page","link":"https:\/\/www.ibbycat.cat\/es\/quienes-somos\/historia-y-memorias\/","title":{"rendered":"Historia y memorias"},"content":{"rendered":"<div id=\"pl-7532\"  class=\"panel-layout\" ><div id=\"pg-7532-0\"  class=\"panel-grid panel-has-style\" ><div class=\"cont-desc panel-row-style panel-row-style-for-7532-0\" ><div id=\"pgc-7532-0-0\"  class=\"panel-grid-cell\" ><a href=\"javascript:;\" class=\"btgeneric btmenu\">Men\u00fa<\/a><div id=\"panel-7532-0-0-0\" class=\"so-panel widget widget_sow-editor panel-first-child\" data-index=\"0\" ><div\n\t\t\t\n\t\t\tclass=\"so-widget-sow-editor so-widget-sow-editor-base\"\n\t\t\t\n\t\t>\n<div class=\"siteorigin-widget-tinymce textwidget\">\n\t\n<\/div>\n<\/div><\/div><div id=\"panel-7532-0-0-1\" class=\"so-panel widget widget_nav_menu panel-last-child\" data-index=\"1\" ><h3 class=\"widget-title\">Qui\u00e9nes somos<\/h3><div class=\"menu-menu-qui-som-es-container\"><ul id=\"menu-menu-qui-som-es\" class=\"menu\"><li id=\"menu-item-7544\" class=\"menu-item menu-item-type-post_type menu-item-object-page menu-item-7544\"><a href=\"https:\/\/www.ibbycat.cat\/es\/ibby-oepli\/\">IBBY- OEPLI<\/a><\/li>\n<\/ul><\/div><\/div><\/div><div id=\"pgc-7532-0-1\"  class=\"panel-grid-cell\" ><div id=\"panel-7532-0-1-0\" class=\"so-panel widget widget_sow-editor panel-first-child\" data-index=\"2\" ><div\n\t\t\t\n\t\t\tclass=\"so-widget-sow-editor so-widget-sow-editor-base\"\n\t\t\t\n\t\t>\n<div class=\"siteorigin-widget-tinymce textwidget\">\n\t<h1>Historia y memorias<\/h1>\n<p><strong>1982<\/strong><br \/>\nEscritores, editores, ilustradores, libreros y bibliotecarios, respondiendo a la necesidad com\u00fan de trabajar juntos en la promoci\u00f3n y difusi\u00f3n de la literatura infantil y juvenil en catal\u00e1n, ponen en marcha un proyecto com\u00fan: la constituci\u00f3n del Consejo Catal\u00e1n del Libro para Ni\u00f1os, que preside, en ese primer momento Carles-Jordi Guardiola, editor de La Magrana, a quien acompa\u00f1an Maria Artal, Sebasti\u00e0 Borr\u00e0s, Joaquim Carb\u00f3, Romano Doria, Maria Rius y Josep M. Puigjaner. La Generalitat de Catalunya y la C\u00e1mara del Libro de Catalunya, importantes apoyos econ\u00f3micos y log\u00edsticos de la entidad, forman parte del Consejo como miembros asociados.<\/p>\n<p>El trabajo a realizar es importante: se impulsa la creaci\u00f3n de la Organizaci\u00f3n Espa\u00f1ola del Libro Infantil y Juvenil (OEPLI) que est\u00e1 constituida, de momento, por dos \u00fanicas secciones: la del Consell Catal\u00e0 del Llibre per a Infants y la Secci\u00f3n de Madrid y se incorpora esta entidad al IBBY (International Board on Books for Youny People), organizaci\u00f3n internacional integrada por 70 pa\u00edses de todo el mundo. Se crea tambi\u00e9n la Asociaci\u00f3n Catalana de Amigos del Libro Infantil, que da entrada a todas aquellas iniciativas individuales que el car\u00e1cter institucional del Consejo hab\u00eda dejado fuera.<\/p>\n<p>&nbsp;<\/p>\n<p><strong>1984<br \/>\n<\/strong>El 8 de febrero de 1984 Rom\u00e0 D\u00f2ria, editor de La Galera, toma el relevo a la presidencia del Consell que organiza el Primer Premio Internacional Catal\u00f2nia de ilustraci\u00f3n en colaboraci\u00f3n con el Departamento de Cultura de la Generalitat de Catalunya y la Fundaci\u00f3n Enciclop\u00e8dia Catalana. Se edita el \"Cat\u00e1logo de ilustradores del libro infantil en catal\u00e1n\" y dos hitos marcar\u00e1n la actividad del Consell y su v\u00ednculo con la sociedad catalana.<\/p>\n<p>En primer lugar, la aparici\u00f3n del n\u00famero cero la revista Faristol, \u00f3rgano de difusi\u00f3n del Consell y, en segundo lugar, lo que es, posiblemente, la iniciativa m\u00e1s devengada y al mismo tiempo m\u00e1s eficaz para la difusi\u00f3n de la literatura entre los m\u00e1s j\u00f3venes: la celebraci\u00f3n de la primera Semana del Libro Infantil organizada por el Consell. Este evento, que a partir del a\u00f1o 1993 pasa a llamarse Sal\u00f3n del Libro Infantil y Juvenil, es objeto de una eficaz descentralizaci\u00f3n que es tra\u00eddo de Barcelona a Girona, Reus o Mollerussa, extendiendo de forma eficiente por todo el territorio el esfuerzo de difusi\u00f3n de la literatura infantil y juvenil que da sentido al trabajo del Consell.<\/p>\n<p>&nbsp;<\/p>\n<p><strong>1986<\/strong><\/p>\n<p>En enero de ese a\u00f1o Carme Peris, que ya ejerc\u00eda de presidenta, es elegida oficialmente.<\/p>\n<p>El Consell es invitado, en Stornoway, Escocia, a las Conferencias Europeas sobre literatura Infantil en lenguas poco extendidas. Se incorpora una figura clave, Marga Mateu como secretar\u00eda t\u00e9cnica. El Consejo presenta al ilustrador Manuel Boix en la Bienal de ilustraci\u00f3n de Bratislava, donde gana la Manzana de Oro, siendo el primer autor de Espa\u00f1a que lo consigue. Poco despu\u00e9s, tambi\u00e9n en Bratislava, el Consell organiza una exposici\u00f3n conjunta de 20 ilustradores catalanes que muestra un total de 100 obras.<\/p>\n<p>&nbsp;<\/p>\n<p><strong>1990<br \/>\n<\/strong>Gemma Lienas, la autora de Culo de saco, As\u00ed es la vida Carlota o Dos caballos, es llamada presidenta y empuja una reformulaci\u00f3n de los objetivos del Consejo.<\/p>\n<p>&nbsp;<\/p>\n<p><strong>1991<br \/>\n<\/strong>La ilustradora Mabel Pi\u00e9rola sustituye a Gemma Lienas quien dimite por razones de salud. Se inicia el a\u00f1o m\u00e1s dif\u00edcil de la entidad. La Asociaci\u00f3n Profesional de ilustradores de Catalu\u00f1a abandona el Consejo dada su falta de recursos para alcanzar sus prop\u00f3sitos y el 10 de abril de 1991 el Plenario del Consejo acuerda su disoluci\u00f3n a consecuencia de las dificultades econ\u00f3micas que sufre del desencanto de sus miembros.<\/p>\n<p>La Junta gestora que debe disolver la entidad se niega a aceptar su desaparici\u00f3n. Reuniones, llamadas telef\u00f3nicas, cartas, conversaciones, gestiones de todo tipo, y a todos los niveles, horas y horas de trabajo acaban, por fin, el 11 de junio, cuando los editores presentan en el Plenario una nueva candidatura, la de Joan Agut, editor de Barcanova, que consigue que los ilustradores vuelvan al Consejo. En un nuevo y definitivo impulso renovador se desvincula la elaboraci\u00f3n de Atril del Comit\u00e9 Ejecutivo y se nombra a un director, Mart\u00ed Olaya.<\/p>\n<p>&nbsp;<\/p>\n<p><strong>1992<br \/>\n<\/strong>Despertamos del sue\u00f1o del '92 con la elecci\u00f3n del editor Josep Herrero de Cru\u00eflla como nuevo presidente. Anna Gasol toma las riendas de Faristol y cuadruplica su tirada hasta los 6.000 ejemplares. Es el a\u00f1o del primer Sal\u00f3n del libro que vivir\u00e1 uno de sus momentos m\u00e1s memorables poco despu\u00e9s.<\/p>\n<p>&nbsp;<\/p>\n<p><strong>1996<br \/>\n<\/strong>Sau, uno de los mejores grupos de pop-rock en catal\u00e1n de todos los tiempos. Compone el tema \u201cCon un libro nunca estar\u00e1s solo\u201d a tono con la campa\u00f1a \u201cLee libros juveniles y flipa con Sau\u201d y ese mismo a\u00f1o, el Sal\u00f3n vive su jornada m\u00e1s m\u00e1gica: El recital de poemas de Miquel Mart\u00ed y Pol que hacen la actriz Ariadna Gil, el futbolista Pep Guardiola y el cantautor Llu\u00eds Llach, en presencia del propio autor, colapsan el sal\u00f3n. Su repercusi\u00f3n medi\u00e1tica es espectacular.<\/p>\n<p>&nbsp;<\/p>\n<p><strong>1997<br \/>\n<\/strong>Ramon Besora, editor de Barcanova, asume la presidencia del Consell y promueve una actualizaci\u00f3n de los estatutos y de la denominaci\u00f3n del Consell que pasa a llamarse Consell Catal\u00e0 del Llibre per a Infants i Joves. Un nuevo nombre y una nueva imagen corporativa, creada a partir de un dibujo de Fina Rif\u00e0 y el dise\u00f1o gr\u00e1fico de Eul\u00e0lia Salcedo. Anna Gasol es elegida como nueva presidenta y la revista Faristol renueva sus contenidos de la mano de su nueva directora, la pedagoga y dise\u00f1adora gr\u00e1fica Teresa Duran.<\/p>\n<p>&nbsp;<\/p>\n<p><strong>2000<br \/>\n<\/strong>14 municipios de Lleida celebran las primeras Semanas del Libro Infantil y Juvenil. Al a\u00f1o siguiente se a\u00f1aden municipios de las Terres de l'Ebre, de las comarcas gerundenses y de Barcelona. Once a\u00f1os despu\u00e9s y gracias a un crecimiento constante, las Semanas abastecer\u00edan a 111 municipios de nuestra geograf\u00eda.<\/p>\n<p>&nbsp;<\/p>\n<p><strong>2001<br \/>\n<\/strong>Xavier Blanch, editor de La Galera, asume la m\u00e1xima responsabilidad del Consell. Se impulsa la elaboraci\u00f3n del primer estudio sobre \"La situaci\u00f3n del libro infantil y juvenil en catal\u00e1n\".<\/p>\n<p>&nbsp;<\/p>\n<p><strong>2002<br \/>\n<\/strong>Con Jordi Ainaud, editor de Cad\u00ed, de presidente, el Consell experimenta un nuevo empuj\u00f3n. Se incorporan como miembros de pleno derecho: la Asociaci\u00f3n de Editores del Pa\u00eds Valenciano, la Consejer\u00eda de Educaci\u00f3n y Cultura del Gobierno de las Islas Baleares, el Departamento de Educaci\u00f3n de la Generalitat de Catalunya y la Fundaci\u00f3n Bromera para el Fomento de la Lectura.<\/p>\n<p>Faristol vertebra su direcci\u00f3n en tres ramas: Teresa Duran dirige la edici\u00f3n en papel, Xavier Vernetta la digital y Pep Molist y Joan Portell coordinan al equipo de cr\u00edticos.<\/p>\n<p>&nbsp;<\/p>\n<p><strong>2003<br \/>\n<\/strong>Nace el nuevo Faristol que cambia de formato y ampliado los contenidos. La OEPLI encarga al Consell la organizaci\u00f3n del III Congreso de Literatura Infantil y Juvenil que se celebrar\u00e1 en Valencia en 2005.<\/p>\n<p>Tambi\u00e9n nace el proyecto \u00abNacidos para Leer\u00bb, un proyecto de promoci\u00f3n de la lectura, para ni\u00f1os de 0 a 3 a\u00f1os, en el que trabajan conjuntamente pediatras, comadronas, enfermeras pedi\u00e1tricas, bibliotecarios y especialistas en LIJ.<\/p>\n<p>Por otra parte, el Museo de Arqueolog\u00eda de Barcelona encarga al equipo de exposiciones del Consell la exposici\u00f3n \u201cD'H\u00e8rcules a Superman. Dioses y h\u00e9roes de la mitolog\u00eda grecorromana\u00bb. La exposici\u00f3n permanecer\u00e1 m\u00e1s de un a\u00f1o en el museo y despu\u00e9s iniciar\u00e1 una gira de m\u00e1s de tres a\u00f1os por otros Museos.<\/p>\n<p>&nbsp;<\/p>\n<p><strong>2005<br \/>\n<\/strong>Marta Vilagut, editora de Destino, es elegida como nueva presidenta.<\/p>\n<p>Es un a\u00f1o de iniciativas y compromisos:<\/p>\n<p>\u2022Joan Portell y Pep Molist asumen la direcci\u00f3n de Faristol y \u00c0ngel Burgas se encarga de la edici\u00f3n digital.<\/p>\n<p>\u2022 Se presenta el estudio \"Los h\u00e1bitos lectores de los ni\u00f1os y j\u00f3venes en Catalunya\" con una amplia repercusi\u00f3n en los medios de comunicaci\u00f3n.<\/p>\n<p>\u2022 Nace el Premio de Literatura Infantil \u00abAtrapallibres\u00bb, hermano menor del premio \u00abProtagonista Jove\u00bb.<\/p>\n<p>\u2022 Se comienza a gestar el proyecto \u201cMunicipio Lector\u201d.<\/p>\n<p>\u2022 Se plantea la necesidad de elaborar un Diccionario de autores y autoras de literatura infantil y juvenil catal\u00e1n.<\/p>\n<p>&nbsp;<\/p>\n<p><strong>2006<br \/>\n<\/strong>El Consell moderniza su imagen (ClijCAT) al tiempo que dobla, triplica y multiplica su actividad:<\/p>\n<p>\u2022 Aparece la edici\u00f3n por prensa de Faristol que publican El Peri\u00f3dico de Catalunya y el Avui, gracias a la valiosa ayuda del ICIC.<\/p>\n<p>\u2022 Se otorgan los primeros premios de la revista Faristol. \u2022 El proyecto \u00abMunicipi Lector\u00bb es una realidad en la poblaci\u00f3n del Bruc.<\/p>\n<p>\u2022 El Consell presenta en el Sal\u00f3n del Libro de Barcelona el \u00abDiccionario de autores y autoras de literatura infantil y juvenil en catal\u00e1n\u00bb que quedar\u00e1 colgado de la web del Consell y que en 2011 re\u00fane a 320 autores y m\u00e1s de 4.000 t\u00edtulos en la su base de datos.<\/p>\n<p>\u2022 Se promueve el encuentro de una treintena de editores que firman un manifiesto reivindicando el oficio de editor de libros para ni\u00f1os y j\u00f3venes.<\/p>\n<p>&nbsp;<\/p>\n<p><strong>2007<br \/>\n<\/strong>\u2022 25 aniversario del ClijCAT y entrega de los premios Trayectoria en homenaje a profesionales que se han caracterizado por su trabajo al servicio de la LIJ.<\/p>\n<p>\u2022 Faristol elabora un dossier sobre LIJ que publican, en diciembre, los diarios El Peri\u00f3dico, Avui y El Pa\u00eds y una quincena de cabeceras de la prensa gratuita publican un art\u00edculo de este dossier recomendando libros en Navidad.<\/p>\n<p>\u2022 Recital de poemas Trovalleng\u00fces, en el marco del Sal\u00f3n del Libro de Barcelona, en catal\u00e1n, castellano, gallego y euskera a cargo de los poetas Miquel Desclot, Ana Mar\u00eda Romero Yebra, Antonio Garc\u00eda Tejeiro y Juan Kruz Igerabide y dentro de los actos de celebraci\u00f3n del 25 aniversario del ClijCAT, las mesas redondas: El proceso de creaci\u00f3n de la LIJ antes y ahora, \u00a125 a\u00f1os y por muchos m\u00e1s!: el papel de los mediadores en la LIJ y Trayectoria lectora de los j\u00f3venes de 25 a\u00f1os.<\/p>\n<p>&nbsp;<\/p>\n<p><strong>2008<br \/>\n<\/strong>\u2022 Incorporaci\u00f3n de Almenar y Mollerussa en el programa Municipi Lector.<\/p>\n<p>\u2022 Faristol ampl\u00eda la difusi\u00f3n de la LIJ en la prensa y elabora dos dossieres (junio y diciembre) que publican los diarios La Vanguardia, El Peri\u00f3dico y la revista Pres\u00e8ncia. Este dossier tambi\u00e9n se encarga de los diarios Segre, El Punt, Diari d'Andorra, Diari de Balears, Regi\u00f3 7, Diari de Sant Cugat y 43 cabeceras de la prensa gratuita publicaron art\u00edculos de este dossier.<\/p>\n<p>\u2022\u00a0Se elaboran para el Museu d' Hist\u00f2ria de Catalunya bibliograf\u00edas para sus exposiciones Europa al final de la prehistoria: las grandes hojas de s\u00edlex y \u00c1fricas. Tambi\u00e9n se elabor\u00f3 para la Caja de Manresa una bibliograf\u00eda para su exposici\u00f3n Territorios fant\u00e1sticos de la literatura infantil y juvenil.<\/p>\n<p>\u2022 Coorganizaci\u00f3n con la OEPLI del IV Congreso Ib\u00e9rico de LIJ que se celebra en el Palacio de Miramar de Donostia.<\/p>\n<p>\u2022 Se inicia la preparaci\u00f3n del 32\u00ba congreso internacional del IBBY que se organizar\u00e1 conjuntamente con la OEPLI y las otras tres secciones territoriales.<\/p>\n<p>&nbsp;<\/p>\n<p><strong>2009<br \/>\n<\/strong>\u2022 Contin\u00faa, dos veces al a\u00f1o, la difusi\u00f3n de la LIJ en la prensa con dossier que publican los medios La Vanguardia, El Peri\u00f3dico y la revista Pres\u00e8ncia. Este dossier tambi\u00e9n se encarga de los diarios Segre, El Punt, Diari d'Andorra, Diari de Balears, Regi\u00f3 7, Diari de Sant Cugat y m\u00e1s de 50 cabeceras de la prensa gratuita publicaron art\u00edculos de este dossier.<\/p>\n<p>\u2022 Empieza el programa Sant Jordi en los hospitales, que la Fundaci\u00f3n Jordi Sierra i Fabra propone al ClijCAT que organice. Participan los hospitales Sant Pau, Vall d'Hebron y Germans Trias i Pujol gracias a la colaboraci\u00f3n de Joaquim Carb\u00f3, Jordi Sierra y Fabra, Care Santos, Elena O\u2019Callaghan y Andreu Mart\u00edn.<\/p>\n<p>\u2022 Colaboraci\u00f3n con la Instituci\u00f3 de les Lletres Catalanes en el homenaje a Joana Raspall.<\/p>\n<p>&nbsp;<\/p>\n<p><strong>2010<br \/>\n<\/strong>\u2022 Se entregan los primeros premios honor\u00edficos Faristol, de car\u00e1cter humor\u00edstico.<\/p>\n<p>\u2022 Se organiza el primer encuentro de Municipis Lectores y se da la bienvenida a los dos municipios que se incorporan al programa: Lli\u00e7\u00e0 de Vall y S\u00faria.<\/p>\n<p>\u2022 Se presenta la actualizaci\u00f3n del Estudio de H\u00e1bitos Lectores de los ni\u00f1os y j\u00f3venes de Catalunya y se hace amplia difusi\u00f3n de un documento, dirigido a todos los partidos pol\u00edticos ya los Departamentos de Cultura y Educaci\u00f3n, elaborado por el ClijCAT y todas las entidades que lo integran con siete puntos imprescindibles para mejorar los h\u00e1bitos de lectura.<\/p>\n<p>\u2022 Se ampl\u00eda el programa Sant Jordi a los hospitales, se incorporan el Hospital del Mar y el Cl\u00ednic y la participaci\u00f3n de los autores pasa de cinco a once.<\/p>\n<p>\u2022 La ciudad de Santiago de Compostela acoge el 32\u00ba Congreso Internacional del IBBY, coorganizado con la OEPLI, con gran \u00e9xito tanto de contenidos como de asistencia: m\u00e1s de 600 asistentes provenientes de 56 pa\u00edses de todo el mundo.<\/p>\n<p>\u2022 Se presenta el segundo estudio \u201cLos h\u00e1bitos lectores de los ni\u00f1os y j\u00f3venes en Catalu\u00f1a\u201d. La repercusi\u00f3n en los medios de comunicaci\u00f3n es important\u00edsima.<\/p>\n<p>&nbsp;<\/p>\n<p><strong>2011<br \/>\n<\/strong>\u2022 Reina Duarte assumeix la presid\u00e8ncia del ClijCAT.<\/p>\n<p>\u2022 Signatura d\u2019un conveni de col\u00b7laboraci\u00f3 amb l\u2019Associaci\u00f3 Catalana de la Premsa Gratu\u00efta (ACPG) per donar visibilitat a la LIJ. Es faciliten mensualment cr\u00edtiques de Faristol a l\u2019entitat per tal que els mitjans associats hi tinguin acc\u00e9s i les puguin publicar.<\/p>\n<p>\u2022 Finalitza el conveni amb El Bruc i abandona el programa\u00a0 Municipi Lector.<\/p>\n<p>\u2022 El programa Sant Jordi als hospitals continua creixent amb la incorporaci\u00f3 de Sant Joan de D\u00e9u i els autors passen d\u2019onze a vint-i-quatre.<\/p>\n<p>\u2022 Finalitza el projecte Nascuts per Llegir, per manca de finan\u00e7ament davant les retallades.<\/p>\n<p>&nbsp;<\/p>\n<p><strong>2012<br \/>\n<\/strong>\u2022 L\u2019Hospital Parc Taul\u00ed de Sabadell s\u2019incorpora al programa Sant Jordi als Hospitals i el nombre d\u2019autors que hi participen continua creixent.<\/p>\n<p>\u2022 La premsa gratu\u00efta comparteix massivament les cr\u00edtiques de Faristol que facilita el ClijCAT.<\/p>\n<p>&nbsp;<\/p>\n<p><strong>2013<br \/>\n<\/strong>\u2022 Finalitzen, per manca de pressupost, les Setmanes del Llibre Infantil i Juvenil que en els 13 anys que s\u2019han organitzat han visitat de forma ininterrompuda m\u00e9s de 120 municipis de tot Catalunya.<\/p>\n<p>\u2022 L\u2019Hospital Universitari i Polit\u00e8cnic la Fe de Val\u00e8ncia s\u2019incorpora al programa Sant Jordi als hospitals i aix\u00f2 afavoreix la participaci\u00f3 dels autors del Pa\u00eds Valenci\u00e0. Tamb\u00e9 s\u2019incorpora l\u2019Hospital Santa Caterina de Salt. Creix tamb\u00e9 la participaci\u00f3 dels autors que ja en s\u00f3n. 28.<\/p>\n<p>&nbsp;<\/p>\n<p><strong>2014<br \/>\n<\/strong>\u2022 Se celebra el 30 Sal\u00f3 del Llibre Infantil i Juvenil de\u00a0 Catalunya amb l\u2019especial assist\u00e8ncia de m\u00e9s de 60 autors, editors, bibliotecaris i periodistes que es desplacen conjuntament al pavell\u00f3 firal de Mollerussa en autocar. Tamb\u00e9 hi assisteixen representants dels departaments de Cultura i Ensenyament de la Generalitat de Catalunya.<\/p>\n<p>\u2022 L\u2019Hospital de Gav\u00e0, Fundaci\u00f3 Orienta s\u2019incorpora al Programa Sant Jordi als Hospitals.<\/p>\n<p>&nbsp;<\/p>\n<p><strong>2015<br \/>\n<\/strong>\u2022 S\u2019incorporen entitats al ClijCAT: Instituci\u00f3 de les Lletres Catalanes, Institut Ramon Llull i Associaci\u00f3n de Agentes Literarios de Espa\u00f1a ADAL. Tamb\u00e9 ho fa l\u2019Associaci\u00f3 d\u2019Editors del Pa\u00eds Valenci\u00e0 que es reincorpora al ClijCAT despr\u00e9s d\u2019un per\u00edode d\u2019abs\u00e8ncia.<\/p>\n<p>&nbsp;<\/p>\n<p><strong>2016<br \/>\n<\/strong>\u2022 S\u2019incorporen al programa Municipi Lector, Cass\u00e0 de la Selva i Parets del Vall\u00e8s.<\/p>\n<p>\u2022 L'Associaci\u00f3n de Agentes Literarios de Espa\u00f1a ADAL deixa el ClijCAT.<\/p>\n<p>\u2022 El 18\u00e8 Sal\u00f3\u00a0 del llibre infantil de Rio de Janeiro va convidar a l\u2019OEPLI \u00a0a participar-hi i es va preparar una exposici\u00f3 sobre la LIJ a Espanya. El ClijCAT es va encarregar de la part de la llengua catalana i va seleccionar el centenar de llibres que es van exposar entre els 335 que hi havia a l\u2019exposici\u00f3. Es van organitzar taules rodones i l\u2019Institut Ramon Llull es va fer c\u00e0rrec del viatge i allotjament de la Sra. Gemma Lienas, proposada pel ClijCAT.<\/p>\n<p>&nbsp;<\/p>\n<p><strong>2017<br \/>\n<\/strong>\u2022 Anna Maria Maci\u00e0 substitueix Reina Duarte i assumeix la presid\u00e8ncia del ClijCAT.<\/p>\n<p>\u2022 Bernat Cormand substitueix Pep Molist i Joan Portell al capdavant de Faristol.<\/p>\n<p>\u2022\u00a0Il\u00b7lustra (Professionals de la Il\u00b7lustraci\u00f3 Catalana Associats) s\u2019incorpora al ClijCAT.<\/p>\n<p>\u2022 Fira de\u00a0 Barcelona demana la col\u00b7laboraci\u00f3 del ClijCAT per organitzar un espai de LIJ a la Ciutat dels somnis, el nou Sal\u00f3 de la Inf\u00e0ncia. Es cedeix\u00a0 l\u2019exposici\u00f3 monogr\u00e0fica S\u2019ha escrit un crim i es formen els monitors que la dinamitzaran. Tamb\u00e9 s'hi fan sessions de contes.<\/p>\n<p>&nbsp;<\/p>\n<p><strong>2018<br \/>\n<\/strong>\u2022 Escrivim (Associaci\u00f3 Professional d\u2019Escriptores i Escriptors de Literatura) s\u2019incorpora al CijCAT.<\/p>\n<p>\u2022 Assessorament per a la creaci\u00f3 de les bases i composici\u00f3 del Jurat per a la creaci\u00f3 del Premi Traject\u00f2ria Maria Rius, a la llibreria Laie. Aquest premi de car\u00e0cter bianual \u00a0es convoca conjuntament amb la llibreria La Caixa d\u2019Eines.<\/p>\n<h4>Antics projectes<\/h4>\n<p>Sal\u00f3 i Setmanes del Llibre Infantil i Juvenil (1984-2019)<\/p>\n<p>El Consell va organitzar des de 1984, ininterrompudament, el Sal\u00f3 del Llibre Infantil i Juvenil, en els seus inicis l'\u00fanic esdeveniment de Catalunya adre\u00e7at exclusivament a la lectura i els llibres per a infants i joves.<\/p>\n<p>Va ser sempre una cita obligada de milers d\u2019escolars i de fam\u00edlies que volien con\u00e8ixer de prop l\u2019oferta bibliogr\u00e0fica d'actualitat. Per\u00f2 el Sal\u00f3 no era solament una exposici\u00f3 de llibres, sin\u00f3 un espai on di\u00e0riament es podia gaudir d'una programaci\u00f3 d'activitats d\u2019animaci\u00f3 a la lectura i espectacles de petit format.<\/p>\n<p>Les Setmanes del Llibre Infantil i Juvenil, van viatjar anualment per m\u00faltiples poblacions catalanes, arribant a superar el centenar.\u00a0 Aquestes \u00abSetmanes\u00bb exhibien l'exposici\u00f3 monogr\u00e0fica que el Consell produ\u00efa anualment i que articulava la tem\u00e0tica central del Sal\u00f3 del Llibre Infantil i Juvenil anual i la \u00abSelecci\u00f3 dels millors llibres de l'any, segons l'equip de cr\u00edtica de la revista Faristol\u00bb.<\/p>\n<h5><span style=\"font-size: 1.618em;\">Nascuts per Llegir (2005-2011)<\/span><\/h5>\n<p>La nostra va ser una de les entitats promotores del projecte \u00abNascuts per Llegir\u00bb, juntament amb el Col\u00b7legi Oficial de Bibliotecaris-Documentalistes de Catalunya, la Secci\u00f3 d\u2019Atenci\u00f3 Prim\u00e0ria de la Societat Catalana de Pediatria, l\u2019Associaci\u00f3 Catalana d\u2019Infermeria Pedi\u00e0trica i l\u2019Associaci\u00f3 Catalana de Llevadores. Aquest projecte tenia com a objectiu involucrar la comunitat que t\u00e9 cura dels infants en la missi\u00f3 de promoure el gust per la lectura des del primer mes de vida i crear un vincle afectiu entre pares i fills a partir del llibre.<\/p>\n<h2>Mem\u00f2ries anuals<\/h2>\n<\/div>\n<\/div><\/div><div id=\"panel-7532-0-1-1\" class=\"so-panel widget widget_siteorigin-panels-builder panel-last-child\" data-index=\"3\" ><div id=\"pl-w6a9962adc8b63\"  class=\"panel-layout\" ><div id=\"pg-w6a9962adc8b63-0\"  class=\"panel-grid panel-no-style\" ><div id=\"pgc-w6a9962adc8b63-0-0\"  class=\"panel-grid-cell\" ><div id=\"panel-w6a9962adc8b63-0-0-0\" class=\"so-panel widget widget_sow-button panel-first-child panel-last-child\" data-index=\"0\" ><div\n\t\t\t\n\t\t\tclass=\"so-widget-sow-button so-widget-sow-button-atom-cd5bc76e79e2\"\n\t\t\t\n\t\t><div class=\"ow-button-base ow-button-align-left\"\n>\n\t\t\t<a\n\t\t\t\t\thref=\"https:\/\/www.ibbycat.cat\/wp-content\/uploads\/Ibbycat-Memo\u0300ria-anual-2021.pdf\"\n\t\t\t\t\tclass=\"btgeneric fw sowb-button ow-icon-placement-left ow-button-hover\" target=\"_blank\" rel=\"noopener noreferrer\" \t>\n\t\t<span>\n\t\t\t\n\t\t\tMem\u00f2ria anual 2021\t\t<\/span>\n\t\t\t<\/a>\n\t<\/div>\n<\/div><\/div><\/div><div id=\"pgc-w6a9962adc8b63-0-1\"  class=\"panel-grid-cell\" ><div id=\"panel-w6a9962adc8b63-0-1-0\" class=\"so-panel widget widget_sow-button panel-first-child panel-last-child\" data-index=\"1\" ><div\n\t\t\t\n\t\t\tclass=\"so-widget-sow-button so-widget-sow-button-atom-cd5bc76e79e2\"\n\t\t\t\n\t\t><div class=\"ow-button-base ow-button-align-left\"\n>\n\t\t\t<a\n\t\t\t\t\thref=\"https:\/\/www.ibbycat.cat\/wp-content\/uploads\/Clijca_memoria_2020.pdf\"\n\t\t\t\t\tclass=\"btgeneric fw sowb-button ow-icon-placement-left ow-button-hover\" target=\"_blank\" rel=\"noopener noreferrer\" \t>\n\t\t<span>\n\t\t\t\n\t\t\tMem\u00f2ria anual 2020\t\t<\/span>\n\t\t\t<\/a>\n\t<\/div>\n<\/div><\/div><\/div><div id=\"pgc-w6a9962adc8b63-0-2\"  class=\"panel-grid-cell\" ><div id=\"panel-w6a9962adc8b63-0-2-0\" class=\"so-panel widget widget_sow-button panel-first-child panel-last-child\" data-index=\"2\" ><div\n\t\t\t\n\t\t\tclass=\"so-widget-sow-button so-widget-sow-button-atom-cd5bc76e79e2\"\n\t\t\t\n\t\t><div class=\"ow-button-base ow-button-align-left\"\n>\n\t\t\t<a\n\t\t\t\t\thref=\"https:\/\/www.ibbycat.cat\/wp-content\/uploads\/Clijcat_Memoria_2019.pdf\"\n\t\t\t\t\tclass=\"btgeneric fw sowb-button ow-icon-placement-left ow-button-hover\" target=\"_blank\" rel=\"noopener noreferrer\" \t>\n\t\t<span>\n\t\t\t\n\t\t\tMem\u00f2ria anual 2019\t\t<\/span>\n\t\t\t<\/a>\n\t<\/div>\n<\/div><\/div><\/div><\/div><div id=\"pg-w6a9962adc8b63-1\"  class=\"panel-grid panel-no-style\" ><div id=\"pgc-w6a9962adc8b63-1-0\"  class=\"panel-grid-cell\" ><div id=\"panel-w6a9962adc8b63-1-0-0\" class=\"so-panel widget widget_sow-button panel-first-child panel-last-child\" data-index=\"3\" ><div\n\t\t\t\n\t\t\tclass=\"so-widget-sow-button so-widget-sow-button-atom-cd5bc76e79e2\"\n\t\t\t\n\t\t><div class=\"ow-button-base ow-button-align-left\"\n>\n\t\t\t<a\n\t\t\t\t\thref=\"https:\/\/www.ibbycat.cat\/wp-content\/uploads\/Clijcat_Memoria_2018.pdf\"\n\t\t\t\t\tclass=\"btgeneric fw sowb-button ow-icon-placement-left ow-button-hover\" target=\"_blank\" rel=\"noopener noreferrer\" \t>\n\t\t<span>\n\t\t\t\n\t\t\tMem\u00f2ria anual 2018\t\t<\/span>\n\t\t\t<\/a>\n\t<\/div>\n<\/div><\/div><\/div><div id=\"pgc-w6a9962adc8b63-1-1\"  class=\"panel-grid-cell\" ><div id=\"panel-w6a9962adc8b63-1-1-0\" class=\"so-panel widget widget_sow-button panel-first-child panel-last-child\" data-index=\"4\" ><div\n\t\t\t\n\t\t\tclass=\"so-widget-sow-button so-widget-sow-button-atom-cd5bc76e79e2\"\n\t\t\t\n\t\t><div class=\"ow-button-base ow-button-align-left\"\n>\n\t\t\t<a\n\t\t\t\t\thref=\"https:\/\/www.ibbycat.cat\/wp-content\/uploads\/Clijcat_Memoria_2017.pdf\"\n\t\t\t\t\tclass=\"btgeneric fw sowb-button ow-icon-placement-left ow-button-hover\" target=\"_blank\" rel=\"noopener noreferrer\" \t>\n\t\t<span>\n\t\t\t\n\t\t\tMem\u00f2ria anual 2017\t\t<\/span>\n\t\t\t<\/a>\n\t<\/div>\n<\/div><\/div><\/div><div id=\"pgc-w6a9962adc8b63-1-2\"  class=\"panel-grid-cell\" ><div id=\"panel-w6a9962adc8b63-1-2-0\" class=\"so-panel widget widget_sow-button panel-first-child panel-last-child\" data-index=\"5\" ><div\n\t\t\t\n\t\t\tclass=\"so-widget-sow-button so-widget-sow-button-atom-cd5bc76e79e2\"\n\t\t\t\n\t\t><div class=\"ow-button-base ow-button-align-left\"\n>\n\t\t\t<a\n\t\t\t\t\thref=\"https:\/\/www.ibbycat.cat\/wp-content\/uploads\/Clijcat_Memoria_2016.pdf\"\n\t\t\t\t\tclass=\"btgeneric fw sowb-button ow-icon-placement-left ow-button-hover\" target=\"_blank\" rel=\"noopener noreferrer\" \t>\n\t\t<span>\n\t\t\t\n\t\t\tMem\u00f2ria anual 2016\t\t<\/span>\n\t\t\t<\/a>\n\t<\/div>\n<\/div><\/div><\/div><\/div><div id=\"pg-w6a9962adc8b63-2\"  class=\"panel-grid panel-no-style\" ><div id=\"pgc-w6a9962adc8b63-2-0\"  class=\"panel-grid-cell\" ><div id=\"panel-w6a9962adc8b63-2-0-0\" class=\"so-panel widget widget_sow-button panel-first-child panel-last-child\" data-index=\"6\" ><div\n\t\t\t\n\t\t\tclass=\"so-widget-sow-button so-widget-sow-button-atom-cd5bc76e79e2\"\n\t\t\t\n\t\t><div class=\"ow-button-base ow-button-align-left\"\n>\n\t\t\t<a\n\t\t\t\t\thref=\"https:\/\/www.ibbycat.cat\/wp-content\/uploads\/Clijcat_Memoria_2015.pdf\"\n\t\t\t\t\tclass=\"btgeneric fw sowb-button ow-icon-placement-left ow-button-hover\" target=\"_blank\" rel=\"noopener noreferrer\" \t>\n\t\t<span>\n\t\t\t\n\t\t\tMem\u00f2ria anual 2015\t\t<\/span>\n\t\t\t<\/a>\n\t<\/div>\n<\/div><\/div><\/div><div id=\"pgc-w6a9962adc8b63-2-1\"  class=\"panel-grid-cell panel-grid-cell-mobile-last\" ><div id=\"panel-w6a9962adc8b63-2-1-0\" class=\"so-panel widget widget_sow-button panel-first-child panel-last-child\" data-index=\"7\" ><div\n\t\t\t\n\t\t\tclass=\"so-widget-sow-button so-widget-sow-button-atom-cd5bc76e79e2\"\n\t\t\t\n\t\t><div class=\"ow-button-base ow-button-align-left\"\n>\n\t\t\t<a\n\t\t\t\t\thref=\"https:\/\/www.ibbycat.cat\/wp-content\/uploads\/Clijcat_Memoria_2014.pdf\"\n\t\t\t\t\tclass=\"btgeneric fw sowb-button ow-icon-placement-left ow-button-hover\" target=\"_blank\" rel=\"noopener noreferrer\" \t>\n\t\t<span>\n\t\t\t\n\t\t\tMem\u00f2ria anual 2014\t\t<\/span>\n\t\t\t<\/a>\n\t<\/div>\n<\/div><\/div><\/div><div id=\"pgc-w6a9962adc8b63-2-2\"  class=\"panel-grid-cell panel-grid-cell-empty\" ><\/div><\/div><\/div><\/div><\/div><\/div><\/div><\/div>","protected":false},"excerpt":{"rendered":"<p>Historia y memorias 1982 Escritores, editores, ilustradores, libreros y bibliotecarios, respondiendo a la necesidad com\u00fan de trabajar juntos en la promoci\u00f3n y difusi\u00f3n de la literatura infantil y juvenil en catal\u00e1n, ponen en marcha un proyecto com\u00fan: la constituci\u00f3n del Consejo Catal\u00e1n del Libro para Ni\u00f1os, que preside, en ese primer momento Carles-Jordi Guardiola, editor [&hellip;]<\/p>\n","protected":false},"author":2,"featured_media":0,"parent":7512,"menu_order":5,"comment_status":"closed","ping_status":"closed","template":"template-fullwidth.php","meta":{"_acf_changed":false,"rs_blank_template":"","rs_page_bg_color":"","slide_template_v7":"","inline_featured_image":false,"_monsterinsights_skip_tracking":false,"footnotes":""},"class_list":["post-7532","page","type-page","status-publish","hentry"],"acf":[],"_links":{"self":[{"href":"https:\/\/www.ibbycat.cat\/es\/wp-json\/wp\/v2\/pages\/7532","targetHints":{"allow":["GET"]}}],"collection":[{"href":"https:\/\/www.ibbycat.cat\/es\/wp-json\/wp\/v2\/pages"}],"about":[{"href":"https:\/\/www.ibbycat.cat\/es\/wp-json\/wp\/v2\/types\/page"}],"author":[{"embeddable":true,"href":"https:\/\/www.ibbycat.cat\/es\/wp-json\/wp\/v2\/users\/2"}],"replies":[{"embeddable":true,"href":"https:\/\/www.ibbycat.cat\/es\/wp-json\/wp\/v2\/comments?post=7532"}],"version-history":[{"count":12,"href":"https:\/\/www.ibbycat.cat\/es\/wp-json\/wp\/v2\/pages\/7532\/revisions"}],"predecessor-version":[{"id":15678,"href":"https:\/\/www.ibbycat.cat\/es\/wp-json\/wp\/v2\/pages\/7532\/revisions\/15678"}],"up":[{"embeddable":true,"href":"https:\/\/www.ibbycat.cat\/es\/wp-json\/wp\/v2\/pages\/7512"}],"wp:attachment":[{"href":"https:\/\/www.ibbycat.cat\/es\/wp-json\/wp\/v2\/media?parent=7532"}],"curies":[{"name":"wp","href":"https:\/\/api.w.org\/{rel}","templated":true}]}}