{"id":87457,"date":"2022-11-16T22:47:50","date_gmt":"2022-11-16T21:47:50","guid":{"rendered":"https:\/\/www.ibbycat.cat\/selecciones\/llista-honor-lij-catalana\/"},"modified":"2025-04-09T10:58:07","modified_gmt":"2025-04-09T08:58:07","slug":"lista-honor-lij-catalana","status":"publish","type":"page","link":"https:\/\/www.ibbycat.cat\/es\/selecciones\/lista-honor-lij-catalana\/","title":{"rendered":"Lista de honor de la LIJ catalana"},"content":{"rendered":"<div id=\"pl-87457\"  class=\"panel-layout\" ><div id=\"pg-87457-0\"  class=\"panel-grid panel-has-style\" ><div class=\"cont-desc panel-row-style panel-row-style-for-87457-0\" ><div id=\"pgc-87457-0-0\"  class=\"panel-grid-cell\" ><a href=\"javascript:;\" class=\"btgeneric btmenu\">Men\u00fa<\/a><div id=\"panel-87457-0-0-0\" class=\"so-panel widget widget_sow-editor panel-first-child\" data-index=\"0\" ><div\n\t\t\t\n\t\t\tclass=\"so-widget-sow-editor so-widget-sow-editor-base\"\n\t\t\t\n\t\t>\n<div class=\"siteorigin-widget-tinymce textwidget\">\n\t\n<\/div>\n<\/div><\/div><div id=\"panel-87457-0-0-1\" class=\"so-panel widget widget_nav_menu panel-last-child\" data-index=\"1\" ><h3 class=\"widget-title\">Llista d&#8217;honor de la LIJ catalana<\/h3><div class=\"menu-menu-seleccions-llista-honor-container\"><ul id=\"menu-menu-seleccions-llista-honor\" class=\"menu\"><li id=\"menu-item-10652\" class=\"menu-item menu-item-type-post_type menu-item-object-page menu-item-10652\"><a href=\"https:\/\/www.ibbycat.cat\/seleccions\/llista-honor-lij-catalana\/\">Lista de honor de la LIJ catalana<\/a><\/li>\n<\/ul><\/div><\/div><\/div><div id=\"pgc-87457-0-1\"  class=\"panel-grid-cell\" ><div id=\"panel-87457-0-1-0\" class=\"so-panel widget widget_sow-editor panel-first-child panel-last-child\" data-index=\"2\" ><div\n\t\t\t\n\t\t\tclass=\"so-widget-sow-editor so-widget-sow-editor-base\"\n\t\t\t\n\t\t>\n<div class=\"siteorigin-widget-tinymce textwidget\">\n\t<p><img loading=\"lazy\" decoding=\"async\" class=\"alignnone size-full wp-image-10642\" src=\"https:\/\/www.ibbycat.cat\/wp-content\/uploads\/www-sergipanizo-cat_LIJ-40_WEB_074-scaled.jpeg\" alt=\"40 s\u00e8niorsLIJ\" width=\"2560\" height=\"1495\" srcset=\"https:\/\/www.ibbycat.cat\/wp-content\/uploads\/www-sergipanizo-cat_LIJ-40_WEB_074-scaled.jpeg 2560w, https:\/\/www.ibbycat.cat\/wp-content\/uploads\/www-sergipanizo-cat_LIJ-40_WEB_074-900x526.jpeg 900w, https:\/\/www.ibbycat.cat\/wp-content\/uploads\/www-sergipanizo-cat_LIJ-40_WEB_074-768x449.jpeg 768w, https:\/\/www.ibbycat.cat\/wp-content\/uploads\/www-sergipanizo-cat_LIJ-40_WEB_074-1536x897.jpeg 1536w, https:\/\/www.ibbycat.cat\/wp-content\/uploads\/www-sergipanizo-cat_LIJ-40_WEB_074-2048x1196.jpeg 2048w\" sizes=\"auto, (max-width: 2560px) 100vw, 2560px\" \/><\/p>\n<h3><strong>PRESENTACI\u00d3N Y OBJETIVOS<\/strong><\/h3>\n<p>La Lista de honor de la LIJ catalana es una iniciativa del IBBYcat | Consell Catal\u00e0 del Llibre Infantil i Juvenil. Se inaugura el 14 de noviembre de 2022 con 40 nombres, aprovechando la celebraci\u00f3n del 40 aniversario de la entidad, acto en el que se celebra un homenaje coorganizado con la ILC, en el marco del programa Seniors Literaris de esta entidad.<\/p>\n<p>Con esta iniciativa se quiere:<\/p>\n<p>- Contribuir a la construcci\u00f3n de un patrimonio literario infantil y juvenil en lengua catalana.<\/p>\n<p>- Reconocer y proyectar profesionales de los diferentes eslabones, con una trayectoria y una aportaci\u00f3n propia, distintiva y relevante en la historia de la LIJ catalana.<\/p>\n<p>- Normalizar, prestigiar y dar a conocer la important\u00edsima aportaci\u00f3n cultural del sector del libro infantil y juvenil.<\/p>\n<p>- Contribuir a la supervivencia de una LIJ en catalana, con identidad propia y compromiso con los ni\u00f1os y j\u00f3venes, la cultura, la educaci\u00f3n, la lengua y el pa\u00eds.<\/p>\n<p>- Facilitar referentes culturales s\u00f3lidos y compartidos a ni\u00f1os y j\u00f3venes que contribuyan a la creaci\u00f3n de una identidad cultural s\u00f3lida y de lectores en catal\u00e1n y de literatura catalana.<\/p>\n<p>La lista se ir\u00e1 actualizando peri\u00f3dicamente, con la incorporaci\u00f3n de un n\u00famero m\u00e1s acotado de nombres. Tambi\u00e9n se ir\u00e1n incorporando de forma progresiva personas que ya no est\u00e1n entre nosotros, pero sin las cuales no se puede contar la historia de nuestra LIJ.<\/p>\n<\/div>\n<\/div><\/div><\/div><\/div><\/div><\/div>","protected":false},"excerpt":{"rendered":"<p>PRESENTACI\u00d3N Y OBJETIVOS La Lista de honor de la LIJ catalana es una iniciativa del IBBYcat | Consell Catal\u00e0 del Llibre Infantil i Juvenil. Se inaugura el 14 de noviembre de 2022 con 40 nombres, aprovechando la celebraci\u00f3n del 40 aniversario de la entidad, acto en el que se celebra un homenaje coorganizado con la [&hellip;]<\/p>\n","protected":false},"author":3,"featured_media":0,"parent":7580,"menu_order":17,"comment_status":"closed","ping_status":"closed","template":"template-fullwidth.php","meta":{"_acf_changed":false,"inline_featured_image":false,"_monsterinsights_skip_tracking":false,"footnotes":""},"class_list":["post-87457","page","type-page","status-publish","hentry"],"acf":[],"_links":{"self":[{"href":"https:\/\/www.ibbycat.cat\/es\/wp-json\/wp\/v2\/pages\/87457","targetHints":{"allow":["GET"]}}],"collection":[{"href":"https:\/\/www.ibbycat.cat\/es\/wp-json\/wp\/v2\/pages"}],"about":[{"href":"https:\/\/www.ibbycat.cat\/es\/wp-json\/wp\/v2\/types\/page"}],"author":[{"embeddable":true,"href":"https:\/\/www.ibbycat.cat\/es\/wp-json\/wp\/v2\/users\/3"}],"replies":[{"embeddable":true,"href":"https:\/\/www.ibbycat.cat\/es\/wp-json\/wp\/v2\/comments?post=87457"}],"version-history":[{"count":2,"href":"https:\/\/www.ibbycat.cat\/es\/wp-json\/wp\/v2\/pages\/87457\/revisions"}],"predecessor-version":[{"id":87459,"href":"https:\/\/www.ibbycat.cat\/es\/wp-json\/wp\/v2\/pages\/87457\/revisions\/87459"}],"up":[{"embeddable":true,"href":"https:\/\/www.ibbycat.cat\/es\/wp-json\/wp\/v2\/pages\/7580"}],"wp:attachment":[{"href":"https:\/\/www.ibbycat.cat\/es\/wp-json\/wp\/v2\/media?parent=87457"}],"curies":[{"name":"wp","href":"https:\/\/api.w.org\/{rel}","templated":true}]}}